{"id":41741,"date":"2023-03-01T15:18:30","date_gmt":"2023-03-01T14:18:30","guid":{"rendered":"https:\/\/www.monitor-radiotv.it\/w\/?post_type=event&#038;p=41741"},"modified":"2024-03-28T14:53:24","modified_gmt":"2024-03-28T13:53:24","slug":"milano-video-tech-meetup-video-broadcasting-2023","status":"publish","type":"event","link":"https:\/\/www.monitor-radiotv.it\/w\/event\/milano-video-tech-meetup-video-broadcasting-2023\/","title":{"rendered":"Milano Video Tech Meetup \u2013 Video Broadcasting 2023"},"content":{"rendered":"<div id=\"fb-root\"><\/div>\n<p>The event will be held in viale Sarca 336\/F, the location provided by Mainstreaming. Start time is 18:30 and the panel will feature key level executives and top personalities internationally recognised in the world of video technology:<\/p>\n<p><strong>Sergio Carulli<\/strong>, CIO of Mainstreaming who will talk about Broadcast grade streaming at scale<br \/>\n<strong>Luca Catalano<\/strong>, CEO of CVE, who will talk about Multicast ABR<br \/>\n<strong>Guido Meardi<\/strong>, CEO of V Nova, who will share the story of LCEVC<br \/>\nThe moderator will be <strong>Stefano Morello<\/strong>, ex Vodafone and WeImproove.com XR startup founder.<\/p>\n<hr \/>\n<p>L&#8217;evento si terr\u00e0 in viale Sarca 336\/F, location messa a disposizione da Mainstreaming. L&#8217;orario di inizio \u00e8 alle 18:30 e il panel sar\u00e0 caratterizzato da dirigenti di livello chiave e personalit\u00e0 di spicco riconosciute a livello internazionale nel mondo della tecnologia video:<\/p>\n<p><strong>Sergio Carulli<\/strong>, CIO di Mainstreaming che parler\u00e0 di streaming di livello broadcast su larga scala<br \/>\n<strong>Luca Catalano<\/strong>, CEO di CVE, che parler\u00e0 di Multicast ABR<br \/>\n<strong>Guido Meardi<\/strong>, Amministratore Delegato di V Nova, che racconter\u00e0 la storia di LCEVC<br \/>\nIl moderatore sar\u00e0 <strong>Stefano Morello<\/strong>, ex fondatore della startup XR di Vodafone e WeImproove.com.<\/p>\n<p>&nbsp;<\/p>\n<h3 style=\"text-align: center;\"><a href=\"https:\/\/www.meetup.com\/milan-video-tech-meetup-group\/events\/291883475\/\" target=\"_blank\" rel=\"noopener\">Milano Video Tech Meetup<\/a><\/h3>\n<p>&nbsp;<\/p>\n<h3 style=\"text-align: center;\"><a href=\"https:\/\/www.monitor-radiotv.it\/w\/webinar-e-presentazioni-online\/\">TORNA A HOMEPAGE<br \/>\nDI TUTTI I WEBINAR<\/a><\/h3>\n","protected":false},"featured_media":41743,"template":"","event_cat":[62794],"class_list":["post-41741","event","type-event","status-publish","has-post-thumbnail","hentry","event_cat-webinar"],"_links":{"self":[{"href":"https:\/\/www.monitor-radiotv.it\/w\/wp-json\/wp\/v2\/event\/41741","targetHints":{"allow":["GET"]}}],"collection":[{"href":"https:\/\/www.monitor-radiotv.it\/w\/wp-json\/wp\/v2\/event"}],"about":[{"href":"https:\/\/www.monitor-radiotv.it\/w\/wp-json\/wp\/v2\/types\/event"}],"wp:featuredmedia":[{"embeddable":true,"href":"https:\/\/www.monitor-radiotv.it\/w\/wp-json\/wp\/v2\/media\/41743"}],"wp:attachment":[{"href":"https:\/\/www.monitor-radiotv.it\/w\/wp-json\/wp\/v2\/media?parent=41741"}],"wp:term":[{"taxonomy":"event_cat","embeddable":true,"href":"https:\/\/www.monitor-radiotv.it\/w\/wp-json\/wp\/v2\/event_cat?post=41741"}],"curies":[{"name":"wp","href":"https:\/\/api.w.org\/{rel}","templated":true}]}}