{"id":12307,"date":"2016-12-31T14:10:53","date_gmt":"2016-12-31T14:10:53","guid":{"rendered":"http:\/\/www.monitor-radiotv.it\/w\/?page_id=12307"},"modified":"2017-01-25T15:13:07","modified_gmt":"2017-01-25T15:13:07","slug":"rassegna-notizie","status":"publish","type":"page","link":"https:\/\/www.monitor-radiotv.it\/w\/rassegna-notizie\/","title":{"rendered":"Rassegna Stampa"},"content":{"rendered":"<div id=\"fb-root\"><\/div>\n<p>[vc_row][vc_column][vc_column_text css_animation=&#8221;left-to-right&#8221;]L&#8217;aggiornamento \u00e8 continuo per questa rassegna di notizie da altri siti di informazione. \u00a0Notizie e informazioni dal mondo dei media italiani e stranieri.[\/vc_column_text][vc_column_text]\r\n<div class=\"cmra\">\r\n\r\n    <div class=\"cmra-content\">\r\n        <div class=\"cmra-category-box\"><div class=\"cmra-category\" style=\"\" data-id=\"137\" data-role=\"category\"><div class=\"cmra-header\">quotidiano<\/div><\/div><\/div><div class=\"cmra-category-box\"><div class=\"cmra-category\" style=\"background:#c4c4c4;\" data-id=\"159\" data-role=\"category\"><div class=\"cmra-header\">Televisione<\/div><\/div><\/div>    <\/div>\r\n<\/div>\r\n[\/vc_column_text][vc_column_text]\r\n<div class=\"cmra\">\r\n\r\n    <div class=\"cmra-content\">\r\n        <div class=\"cmra-category-box\"><div class=\"cmra-category\" style=\"\" data-id=\"113\" data-role=\"category\"><div class=\"cmra-header\">HD Blog<\/div><ul class='cmra-category-link-list'><li class=\"cmra-category-link-list-entry\"><a href=\"https:\/\/www.hdblog.it\/mercato\/articoli\/n668913\/tassa-ue-pacchi-cinesi-temu-aliexpress\/\" class=\"cmra-link cmra-no-favicon\" title=\"La tassa da 3 euro frena i pacchi cinesi: importazioni UE in calo fino al 40%.\"  target=\"_blank\" data-create-time=\"1788203400\" data-edit-time=\"1788203400\"><span class=\"cmra-link-main\"><span class=\"cmra-link-title\">Tassa UE sui pacchi cinesi, importazioni in calo fino al 40%<\/span><\/span><span class=\"cmra-link-subtitle\"><\/span><span class=\"cmra-link-footer\"><span class=\"cmra-link-date\">31 Aug 2026<\/span><\/span><\/a><\/li><li class=\"cmra-category-link-list-entry\"><a href=\"https:\/\/www.hdblog.it\/smartphone\/articoli\/n668940\/iphone-20--render-prosser-batteria-silicio-design\/\" class=\"cmra-link cmra-no-favicon\" title=\"Prosser anticipa anche una batteria al silicio-carbonio.\"  target=\"_blank\" data-create-time=\"1788200700\" data-edit-time=\"1788200700\"><span class=\"cmra-link-main\"><span class=\"cmra-link-title\">iPhone 20 sar\u00e0 cos\u00ec? La rivoluzione nel design di Apple anticipata da un video<\/span><\/span><span class=\"cmra-link-subtitle\"><\/span><span class=\"cmra-link-footer\"><span class=\"cmra-link-date\">31 Aug 2026<\/span><\/span><\/a><\/li><li class=\"cmra-category-link-list-entry\"><a href=\"https:\/\/www.hdblog.it\/sony\/articoli\/n668941\/sony-ps5-live-tv-streaming-pubblicita-gratis-usa\/\" class=\"cmra-link cmra-no-favicon\" title=\"La societ\u00e0 intende espandersi in Canada e altre regioni nei prossimi mesi.\"  target=\"_blank\" data-create-time=\"1788199740\" data-edit-time=\"1788199740\"><span class=\"cmra-link-main\"><span class=\"cmra-link-title\">La TV arriva su PlayStation 5: gratuita ma con pubblicit\u00e0, per ora solo in USA<\/span><\/span><span class=\"cmra-link-subtitle\"><\/span><span class=\"cmra-link-footer\"><span class=\"cmra-link-date\">31 Aug 2026<\/span><\/span><\/a><\/li><li class=\"cmra-category-link-list-entry\"><a href=\"https:\/\/www.hdblog.it\/apple\/articoli\/n668939\/meta-ai-apple-carplay-iphone-app-chatbot\/\" class=\"cmra-link cmra-no-favicon\" title=\"Per ora l&#039;esperienza sembra accessibile a un numero limitato di utenti.\"  target=\"_blank\" data-create-time=\"1788198900\" data-edit-time=\"1788198900\"><span class=\"cmra-link-main\"><span class=\"cmra-link-title\">Meta AI inizia a fare capolino su Apple CarPlay: test limitati negli USA<\/span><\/span><span class=\"cmra-link-subtitle\"><\/span><span class=\"cmra-link-footer\"><span class=\"cmra-link-date\">31 Aug 2026<\/span><\/span><\/a><\/li><li class=\"cmra-category-link-list-entry\"><a href=\"https:\/\/www.hdblog.it\/hardware\/articoli\/n668937\/unimicron-accusa-taiwan-prodotti-origine-falsa\/\" class=\"cmra-link cmra-no-favicon\" title=\"La societ\u00e0 \u00e8 una delle fornitrici chiave del settore dei semiconduttori.\"  target=\"_blank\" data-create-time=\"1788198000\" data-edit-time=\"1788198000\"><span class=\"cmra-link-main\"><span class=\"cmra-link-title\">Unimicron accusata di spacciare per &quot;Made in Taiwan&quot; componenti cinesi<\/span><\/span><span class=\"cmra-link-subtitle\"><\/span><span class=\"cmra-link-footer\"><span class=\"cmra-link-date\">31 Aug 2026<\/span><\/span><\/a><\/li><li class=\"cmra-category-link-list-entry\"><a href=\"https:\/\/www.hdmotori.it\/stellantis-turbodiesel-multijet-160-cv\/\" class=\"cmra-link cmra-no-favicon\" title=\"Il colosso italofrancese ha deciso di riportare in auge un motore che mancava in gamma. I dettagli della scelta di Stellantis.\"  target=\"_blank\" data-create-time=\"1788197432\" data-edit-time=\"1788197432\"><span class=\"cmra-link-main\"><span class=\"cmra-link-title\">Stellantis, torna il turbodiesel MultiJet: 160 CV e affidabilit\u00e0 massima<\/span><\/span><span class=\"cmra-link-subtitle\"><\/span><span class=\"cmra-link-footer\"><span class=\"cmra-link-date\">31 Aug 2026<\/span><\/span><\/a><\/li><li class=\"cmra-category-link-list-entry\"><a href=\"https:\/\/www.hdblog.it\/business\/articoli\/n668934\/ritorno-ufficio-malware-rischio-kaspersky-analisi\/\" class=\"cmra-link cmra-no-favicon\" title=\"Sono tanti gli attacchi che si mascherano da strumenti di produttivit\u00e0 cloud molto diffusi, e la fine delle vacanze \u00e8 un momento particolarmente delicato.\"  target=\"_blank\" data-create-time=\"1788197100\" data-edit-time=\"1788197100\"><span class=\"cmra-link-main\"><span class=\"cmra-link-title\">Il ritorno in ufficio \u00e8 un momento delicato per la cybersicurezza<\/span><\/span><span class=\"cmra-link-subtitle\"><\/span><span class=\"cmra-link-footer\"><span class=\"cmra-link-date\">31 Aug 2026<\/span><\/span><\/a><\/li><li class=\"cmra-category-link-list-entry\"><a href=\"https:\/\/www.hdblog.it\/tecnologia\/articoli\/n668834\/harvard-trasforma-batteri-marini-in-alleati-contro-la-co2\/\" class=\"cmra-link cmra-no-favicon\" title=\"Batteri modificati accelerano l\u0092olivina e aumentano la rimozione della CO&#8322; atmosferica.\"  target=\"_blank\" data-create-time=\"1788196800\" data-edit-time=\"1788196800\"><span class=\"cmra-link-main\"><span class=\"cmra-link-title\">Harvard trasforma batteri marini in alleati contro la CO2<\/span><\/span><span class=\"cmra-link-subtitle\"><\/span><span class=\"cmra-link-footer\"><span class=\"cmra-link-date\">31 Aug 2026<\/span><\/span><\/a><\/li><li class=\"cmra-category-link-list-entry\"><a href=\"https:\/\/www.hdblog.it\/tecnologia\/articoli\/n668922\/disney-cliente-italiano-rimborso-40-euro\/\" class=\"cmra-link cmra-no-favicon\" title=\"Potreste riceverlo anche voi, a queste condizioni\"  target=\"_blank\" data-create-time=\"1788196200\" data-edit-time=\"1788196200\"><span class=\"cmra-link-main\"><span class=\"cmra-link-title\">Disney+, un cliente italiano ha ricevuto un rimborso eccezionale di 40 euro<\/span><\/span><span class=\"cmra-link-subtitle\"><\/span><span class=\"cmra-link-footer\"><span class=\"cmra-link-date\">31 Aug 2026<\/span><\/span><\/a><\/li><li class=\"cmra-category-link-list-entry\"><a href=\"https:\/\/www.hdblog.it\/tecnologia\/articoli\/n668896\/reattori-nucleari-container-segreto-combustibile\/\" class=\"cmra-link cmra-no-favicon\" title=\"Antares si assicura 8 tonnellate di TRISO per microreattori terrestri e spaziali\"  target=\"_blank\" data-create-time=\"1788195300\" data-edit-time=\"1788195300\"><span class=\"cmra-link-main\"><span class=\"cmra-link-title\">Reattori nucleari grandi come container: il segreto \u00e8 nel combustibile<\/span><\/span><span class=\"cmra-link-subtitle\"><\/span><span class=\"cmra-link-footer\"><span class=\"cmra-link-date\">31 Aug 2026<\/span><\/span><\/a><\/li><li class=\"cmra-category-link-list-entry\"><a href=\"https:\/\/www.hdblog.it\/home\/articoli\/n668930\/plantsenso-ifa-tamagotchi-cura-piante-sensore\/\" class=\"cmra-link cmra-no-favicon\" title=\"Un sensore avanzato con un&#039;interfaccia stile Tamagotchi.\"  target=\"_blank\" data-create-time=\"1788194100\" data-edit-time=\"1788194100\"><span class=\"cmra-link-main\"><span class=\"cmra-link-title\">PlantSenso trasforma la cura delle piante in un gioco: sar\u00e0 a IFA<\/span><\/span><span class=\"cmra-link-subtitle\"><\/span><span class=\"cmra-link-footer\"><span class=\"cmra-link-date\">31 Aug 2026<\/span><\/span><\/a><\/li><li class=\"cmra-category-link-list-entry\"><a href=\"https:\/\/www.hdmotori.it\/las-vegas-semafori-ai-pedoni\/\" class=\"cmra-link cmra-no-favicon\" title=\"Semafori con scansione facciale a Las Vegas: una luce segue i pedoni sulle strisce. Tra dubbi sui dati biometrici e limiti della tecnologia, &egrave; subito polemica.\"  target=\"_blank\" data-create-time=\"1788193817\" data-edit-time=\"1788193817\"><span class=\"cmra-link-main\"><span class=\"cmra-link-title\">Las Vegas introduce i semafori AI: illuminano i pedoni, ma \u00e8 gi\u00e0 polemica<\/span><\/span><span class=\"cmra-link-subtitle\"><\/span><span class=\"cmra-link-footer\"><span class=\"cmra-link-date\">31 Aug 2026<\/span><\/span><\/a><\/li><li class=\"cmra-category-link-list-entry\"><a href=\"https:\/\/www.hdblog.it\/tecnologia\/articoli\/n668863\/robot-insetto-camminare-terreni-irregolari\/\" class=\"cmra-link cmra-no-favicon\" title=\"Un robot impara dagli insetti a camminare e adattarsi anche dopo la perdita di una zampa\"  target=\"_blank\" data-create-time=\"1788193500\" data-edit-time=\"1788193500\"><span class=\"cmra-link-main\"><span class=\"cmra-link-title\">Perde una zampa ma continua a camminare: il robot che impara dagli insetti<\/span><\/span><span class=\"cmra-link-subtitle\"><\/span><span class=\"cmra-link-footer\"><span class=\"cmra-link-date\">31 Aug 2026<\/span><\/span><\/a><\/li><li class=\"cmra-category-link-list-entry\"><a href=\"https:\/\/www.hdblog.it\/tecnologia\/articoli\/n668903\/vestiti-estivi-asia-tessuto-viola-fresco\/\" class=\"cmra-link cmra-no-favicon\" title=\"Ecco di cosa si tratta\"  target=\"_blank\" data-create-time=\"1788192600\" data-edit-time=\"1788192600\"><span class=\"cmra-link-main\"><span class=\"cmra-link-title\">Vestiti estivi, dall&#039;Asia arriva il tessuto viola super fresco<\/span><\/span><span class=\"cmra-link-subtitle\"><\/span><span class=\"cmra-link-footer\"><span class=\"cmra-link-date\">31 Aug 2026<\/span><\/span><\/a><\/li><li class=\"cmra-category-link-list-entry\"><a href=\"https:\/\/www.hdmotori.it\/distributori-carburanti-comunali-italia\/\" class=\"cmra-link cmra-no-favicon\" title=\"Basso margine e carburante scontato: come funzionano e dove sono le pompe di benzina pubbliche, gestite direttamente dalle amministrazioni comunali.\"  target=\"_blank\" data-create-time=\"1788192047\" data-edit-time=\"1788192047\"><span class=\"cmra-link-main\"><span class=\"cmra-link-title\">Distributori comunali in Italia: ecco dove il carburante costa meno<\/span><\/span><span class=\"cmra-link-subtitle\"><\/span><span class=\"cmra-link-footer\"><span class=\"cmra-link-date\">31 Aug 2026<\/span><\/span><\/a><\/li><li class=\"cmra-category-link-list-entry\"><a href=\"https:\/\/www.hdblog.it\/samsung\/articoli\/n668919\/galaxy-smarttag-3-lancio-certificazione-samsung\/\" class=\"cmra-link cmra-no-favicon\" title=\"Un&#039;altra... traccia del tracker.\"  target=\"_blank\" data-create-time=\"1788191700\" data-edit-time=\"1788191700\"><span class=\"cmra-link-main\"><span class=\"cmra-link-title\">Samsung Galaxy SmartTag 3 sta arrivando con un nuovo design: certificato in Corea del Sud<\/span><\/span><span class=\"cmra-link-subtitle\"><\/span><span class=\"cmra-link-footer\"><span class=\"cmra-link-date\">31 Aug 2026<\/span><\/span><\/a><\/li><li class=\"cmra-category-link-list-entry\"><a href=\"https:\/\/www.hdblog.it\/portatili\/offerte\/n668926\/macbook-pro-16-m5-max-offerta-amazon-sett26\/\" class=\"cmra-link cmra-no-favicon\" title=\"Su Amazon \u00e8 possibile acquistare il MacBook Pro 16 con M5 Max, 36 GB di memoria unificata e 2 TB di SSD: il prezzo \u00e8 ottimo.\"  target=\"_blank\" data-create-time=\"1788191400\" data-edit-time=\"1788191400\"><span class=\"cmra-link-main\"><span class=\"cmra-link-title\">MacBook Pro 16 con M5 Max e 36 GB di memoria unificata: -23% su Amazon<\/span><\/span><span class=\"cmra-link-subtitle\"><\/span><span class=\"cmra-link-footer\"><span class=\"cmra-link-date\">31 Aug 2026<\/span><\/span><\/a><\/li><li class=\"cmra-category-link-list-entry\"><a href=\"https:\/\/www.hdblog.it\/tecnologia\/articoli\/n668898\/ai-chirurgia-cervello-visione-artificiale\/\" class=\"cmra-link cmra-no-favicon\" title=\"Un\u0092AI riconosce nervi e vasi in tempo reale durante un delicato intervento al cervello.\"  target=\"_blank\" data-create-time=\"1788191100\" data-edit-time=\"1788191100\"><span class=\"cmra-link-main\"><span class=\"cmra-link-title\">AI in sala operatoria: primo intervento al cervello guidato con successo<\/span><\/span><span class=\"cmra-link-subtitle\"><\/span><span class=\"cmra-link-footer\"><span class=\"cmra-link-date\">31 Aug 2026<\/span><\/span><\/a><\/li><li class=\"cmra-category-link-list-entry\"><a href=\"https:\/\/www.hdmotori.it\/lancia-rally-titolo-mondiale-wrc2\/\" class=\"cmra-link cmra-no-favicon\" title=\"Il brand Lancia &egrave; ritornato a dettare legge sul suo terreno di caccia preferito. In Paraguay Lancia Corse HF ha festeggiato con largo anticipo il titolo.\"  target=\"_blank\" data-create-time=\"1788190248\" data-edit-time=\"1788190248\"><span class=\"cmra-link-main\"><span class=\"cmra-link-title\">Lancia torna a dominare nel Rally, titolo mondiale WRC2 a squadre conquistato<\/span><\/span><span class=\"cmra-link-subtitle\"><\/span><span class=\"cmra-link-footer\"><span class=\"cmra-link-date\">31 Aug 2026<\/span><\/span><\/a><\/li><li class=\"cmra-category-link-list-entry\"><a href=\"https:\/\/www.hdblog.it\/windows\/articoli\/n668920\/the-witcher-3-remastered-requisiti-pc-aumento\/\" class=\"cmra-link cmra-no-favicon\" title=\"Sale un po&#039; tutto, ma \u00e8 hardware tutto sommato popolarissimo.\"  target=\"_blank\" data-create-time=\"1788189900\" data-edit-time=\"1788189900\"><span class=\"cmra-link-main\"><span class=\"cmra-link-title\">The Witcher 3 Remastered, svelati i requisiti tecnici per PC<\/span><\/span><span class=\"cmra-link-subtitle\"><\/span><span class=\"cmra-link-footer\"><span class=\"cmra-link-date\">31 Aug 2026<\/span><\/span><\/a><\/li><\/ul><\/div><\/div><div class=\"cmra-category-box\"><div class=\"cmra-category\" style=\"\" data-id=\"101\" data-role=\"category\"><div class=\"cmra-header\">Radiotelevisione<\/div><div class='children'><div class=\"cmra-category\" style=\"\" data-id=\"112\" data-role=\"category\"><div class=\"cmra-header\">FM World<\/div><ul class='cmra-category-link-list'><li class=\"cmra-category-link-list-entry\"><a href=\"https:\/\/www.fm-world.it\/news\/rtl-102-5-power-hits-estate-2026-questa-sera-la-decima-edizione-allarena-di-verona\/\" class=\"cmra-link cmra-no-favicon\" title=\"\u00c8 il giorno del Power Hits Estate 2026 di RTL 102.5. Questa sera, marted\u00ec 1\u00b0 settembre, l\u2019Arena di Verona ospita la decima edizione dell\u2019evento con cui la prima radiovisione italiana celebra le canzoni protagoniste dell\u2019estate e decreta il Power Hit dell\u2019estate 2026. La serata, gi\u00e0 sold out, riunisce sul palco alcuni dei principali protagonisti della&hellip;\"  target=\"_blank\" data-create-time=\"1788215664\" data-edit-time=\"1788215664\"><span class=\"cmra-link-main\"><span class=\"cmra-link-title\">RTL 102.5 Power Hits Estate 2026, questa sera la decima edizione all\u2019Arena di Verona<\/span><\/span><span class=\"cmra-link-subtitle\"><\/span><span class=\"cmra-link-footer\"><span class=\"cmra-link-date\">31 Aug 2026<\/span><\/span><\/a><\/li><li class=\"cmra-category-link-list-entry\"><a href=\"https:\/\/www.fm-world.it\/news\/radio-deejay-le-novita-del-weekend\/\" class=\"cmra-link cmra-no-favicon\" title=\"Dopo aver annunciato il palinsesto settimanale di Radio Deejay, che cosa cambier\u00e0 nel weekend? La programmazione prende il via alle 6.00 con Florencia, a cui seguono Rudy e Laura alle 8.00 e (solo al sabato) Vic e Marisa alle 10.00, oltre a Deejay Football Club alle 12.00. La domenica, invece, dalle 10.00 alle 13.00, il&hellip;\"  target=\"_blank\" data-create-time=\"1788214429\" data-edit-time=\"1788214429\"><span class=\"cmra-link-main\"><span class=\"cmra-link-title\">Radio Deejay: le novit\u00e0 del weekend<\/span><\/span><span class=\"cmra-link-subtitle\"><\/span><span class=\"cmra-link-footer\"><span class=\"cmra-link-date\">31 Aug 2026<\/span><\/span><\/a><\/li><li class=\"cmra-category-link-list-entry\"><a href=\"https:\/\/www.fm-world.it\/news\/alessio-moriggi-entra-nel-morning-show-di-radio-globo\/\" class=\"cmra-link cmra-no-favicon\" title=\"Novit\u00e0 nel Morning Show di Radio Globo, che da luned\u00ec 31 agosto si arricchisce di una nuova voce. Nel corso della puntata d\u2019esordio della nuova stagione \u00e8 stato infatti annunciato l\u2019ingresso di Alessio Moriggi, che va ad affiancare Massimo Vari, Flaminia Cappelli, Gabry Venus e Federica De La Vall\u00e9e. Moriggi, che in precedenza ha trasmesso&hellip;\"  target=\"_blank\" data-create-time=\"1788213781\" data-edit-time=\"1788213781\"><span class=\"cmra-link-main\"><span class=\"cmra-link-title\">Alessio Moriggi entra nel Morning Show di Radio Globo<\/span><\/span><span class=\"cmra-link-subtitle\"><\/span><span class=\"cmra-link-footer\"><span class=\"cmra-link-date\">31 Aug 2026<\/span><\/span><\/a><\/li><li class=\"cmra-category-link-list-entry\"><a href=\"https:\/\/www.fm-world.it\/news\/lodovica-comello-nuova-co-conduttrice-di-105-music-cars-con-dario-spada\/\" class=\"cmra-link cmra-no-favicon\" title=\"Novit\u00e0 nella conduzione del pomeridiano \u201c105 Music &#038; Cars\u201d. A partire da questa stagione, il programma di Radio 105 in onda dalle 16.00 alle 18.00 vede l&#8217;ingresso di Lodovica Comello, al fianco di Dario Spada, storico &#8220;padrone di casa&#8221; dell&#8217;appuntamento quotidiano. La conduttrice, attrice e cantante, gi\u00e0 insieme a Enrico Papi ne &#8220;Gli squizzati di&hellip;\"  target=\"_blank\" data-create-time=\"1788191624\" data-edit-time=\"1788191624\"><span class=\"cmra-link-main\"><span class=\"cmra-link-title\">Lodovica Comello nuova co-conduttrice di \u201c105 Music &amp; Cars\u201d con Dario Spada<\/span><\/span><span class=\"cmra-link-subtitle\"><\/span><span class=\"cmra-link-footer\"><span class=\"cmra-link-date\">31 Aug 2026<\/span><\/span><\/a><\/li><li class=\"cmra-category-link-list-entry\"><a href=\"https:\/\/www.fm-world.it\/news\/radio-capital-e-onepodcast-alla-mostra-del-cinema-di-venezia-con-betty-senatore\/\" class=\"cmra-link cmra-no-favicon\" title=\"Radio Capital e OnePodcast saranno al Lido dal 2 al 12 settembre 2026 per raccontare la 83\u00aa Mostra Internazionale d\u2019Arte Cinematografica di Venezia. Una presenza quotidiana con dirette radiofoniche, interviste, incontri e contenuti speciali dedicati ai protagonisti e ai film del Festival. Betty Senatore, ogni mattina dalle 10 alle 12, condurr\u00e0 Cose che Capital direttamente&hellip;\"  target=\"_blank\" data-create-time=\"1788167009\" data-edit-time=\"1788167009\"><span class=\"cmra-link-main\"><span class=\"cmra-link-title\">Radio Capital e OnePodcast alla Mostra del Cinema di Venezia con Betty Senatore<\/span><\/span><span class=\"cmra-link-subtitle\"><\/span><span class=\"cmra-link-footer\"><span class=\"cmra-link-date\">31 Aug 2026<\/span><\/span><\/a><\/li><li class=\"cmra-category-link-list-entry\"><a href=\"https:\/\/www.fm-world.it\/news\/radio-bruno-festeggia-50-anni-con-una-mostra-a-carpi-la-nostra-storia\/\" class=\"cmra-link cmra-no-favicon\" title=\"Radio Bruno compie 50 anni e celebra l\u2019anniversario con una mostra dedicata alla propria storia e, soprattutto, al rapporto con il pubblico. Si intitola \u201c50 anni di Radio Bruno \u2013 1976\/2026 \u2013 La nostra storia\u201d l\u2019esposizione che sar\u00e0 inaugurata venerd\u00ec 4 settembre alle 18 nel Cortile d\u2019Onore di Palazzo dei Pio, a Carpi e rester\u00e0&hellip;\"  target=\"_blank\" data-create-time=\"1788159953\" data-edit-time=\"1788159953\"><span class=\"cmra-link-main\"><span class=\"cmra-link-title\">Radio Bruno festeggia 50 anni con una mostra a Carpi: \u201cLa nostra storia\u201d<\/span><\/span><span class=\"cmra-link-subtitle\"><\/span><span class=\"cmra-link-footer\"><span class=\"cmra-link-date\">31 Aug 2026<\/span><\/span><\/a><\/li><li class=\"cmra-category-link-list-entry\"><a href=\"https:\/\/www.fm-world.it\/news\/il-nuovo-palinsesto-di-radio-deejay-molte-conferme-alcune-novita\/\" class=\"cmra-link cmra-no-favicon\" title=\"Riparte luned\u00ec 31 agosto la stagione di Radio Deejay. Nel palinsesto settimanale &#8211; non ancora completo &#8211; sono numerose le conferme, con qualche novit\u00e0. La prima arriva proprio alle 6.00 del mattino, con il ritorno in fascia di Andrea e Michele ed il loro &#8220;Deejay 6 Tu&#8221;. Tanti nomi abituali nel resto della mattinata con&hellip;\"  target=\"_blank\" data-create-time=\"1788109788\" data-edit-time=\"1788109788\"><span class=\"cmra-link-main\"><span class=\"cmra-link-title\">Il nuovo palinsesto di Radio Deejay: molte conferme, alcune novit\u00e0<\/span><\/span><span class=\"cmra-link-subtitle\"><\/span><span class=\"cmra-link-footer\"><span class=\"cmra-link-date\">30 Aug 2026<\/span><\/span><\/a><\/li><li class=\"cmra-category-link-list-entry\"><a href=\"https:\/\/www.fm-world.it\/news\/radio-company-al-lido-per-la-mostra-del-cinema-di-venezia\/\" class=\"cmra-link cmra-no-favicon\" title=\"Radio Company si prepara a raccontare da vicino uno degli appuntamenti pi\u00f9 attesi del calendario cinematografico internazionale. L&#8217;emittente sar\u00e0 infatti presente, insieme a Coming Soon, all&#8217;83\u00aa Mostra Internazionale d&#8217;Arte Cinematografica di Venezia, in programma al Lido dal 2 al 12 settembre. Per tutta la durata della manifestazione, Radio Company porter\u00e0 in onda interviste, curiosit\u00e0 e&hellip;\"  target=\"_blank\" data-create-time=\"1788106643\" data-edit-time=\"1788106643\"><span class=\"cmra-link-main\"><span class=\"cmra-link-title\">Radio Company al Lido per la Mostra del Cinema di Venezia<\/span><\/span><span class=\"cmra-link-subtitle\"><\/span><span class=\"cmra-link-footer\"><span class=\"cmra-link-date\">30 Aug 2026<\/span><\/span><\/a><\/li><li class=\"cmra-category-link-list-entry\"><a href=\"https:\/\/www.fm-world.it\/news\/radio-globo-il-morning-show-riparte-il-31-agosto-con-una-sorpresa\/\" class=\"cmra-link cmra-no-favicon\" title=\"Riparte &#8220;The Morning Show&#8221; su Radio Globo. Da luned\u00ec 31 agosto, l&#8217;appuntamento del primo mattino dell&#8217;emittente capitolina sar\u00e0 in onda &#8211; come sempre &#8211; dalle 6.00 alle 10.00. Confermati Massimo Vari, Flaminia Cappelli, Gabry Venus e Federica De La Vall\u00e9e, dopo il saluto di Giovanni Lucifora, ora impegnato su altre produzioni per la radio. Dalla&hellip;\"  target=\"_blank\" data-create-time=\"1788074609\" data-edit-time=\"1788074609\"><span class=\"cmra-link-main\"><span class=\"cmra-link-title\">Radio Globo, il morning show riparte il 31 agosto con una sorpresa<\/span><\/span><span class=\"cmra-link-subtitle\"><\/span><span class=\"cmra-link-footer\"><span class=\"cmra-link-date\">30 Aug 2026<\/span><\/span><\/a><\/li><li class=\"cmra-category-link-list-entry\"><a href=\"https:\/\/www.fm-world.it\/news\/m2o-morning-club-oggi-a-riccione-la-prima-tappa-del-tour\/\" class=\"cmra-link cmra-no-favicon\" title=\"Parte oggi, domenica 30 agosto, da Riccione il tour di \u201cVolkswagen Electro Vibes powered by m2o Morning Club\u201d, la rassegna che porta nelle piazze italiane un format nato per unire la musica elettronica al rito della colazione, spostando il concetto di party dai club notturni alle ore della giornata. Il primo appuntamento \u00e8 in programma&hellip;\"  target=\"_blank\" data-create-time=\"1788062320\" data-edit-time=\"1788062320\"><span class=\"cmra-link-main\"><span class=\"cmra-link-title\">m2o Morning Club: oggi a Riccione la prima tappa del tour<\/span><\/span><span class=\"cmra-link-subtitle\"><\/span><span class=\"cmra-link-footer\"><span class=\"cmra-link-date\">30 Aug 2026<\/span><\/span><\/a><\/li><li class=\"cmra-category-link-list-entry\"><a href=\"https:\/\/www.fm-world.it\/news\/piu-informazione-nel-primo-mattino-di-radio-monte-carlo-arriva-breaking-news\/\" class=\"cmra-link cmra-no-favicon\" title=\"Nuova fascia informativa nel primo mattino di Radio Monte Carlo. Dal 1\u00b0 settembre l&#8217;emittente propone \u201cBreaking News\u201d, nuovo appuntamento in onda dal luned\u00ec al venerd\u00ec dalle 5 alle 7, con la conduzione di Laura Ghislandi e la collaborazione della redazione di TgCom24. Il programma accompagner\u00e0 l&#8217;avvio della giornata con due ore di informazione e musica,&hellip;\"  target=\"_blank\" data-create-time=\"1788011923\" data-edit-time=\"1788011923\"><span class=\"cmra-link-main\"><span class=\"cmra-link-title\">Pi\u00f9 informazione nel primo mattino di Radio Monte Carlo: arriva \u201cBreaking News\u201d<\/span><\/span><span class=\"cmra-link-subtitle\"><\/span><span class=\"cmra-link-footer\"><span class=\"cmra-link-date\">29 Aug 2026<\/span><\/span><\/a><\/li><li class=\"cmra-category-link-list-entry\"><a href=\"https:\/\/www.fm-world.it\/news\/gazzology-diventa-un-appuntamento-pomeridiano-dal-31-agosto-il-programma-in-onda-alle-16-00\/\" class=\"cmra-link cmra-no-favicon\" title=\"Nuova stagione e soprattutto nuovo orario per Gazzology, il programma di Gianluca Gazzoli su Radio Deejay. A partire da luned\u00ec 31 agosto, la trasmissione sar\u00e0 in onda in fascia pomeridiana dalle 16 alle 17, in diretta su Radio Deejay e Deejay Tv. A dare l&#8217;annuncio \u00e8 stato lo stesso Gazzoli, che ha affidato ai social&hellip;\"  target=\"_blank\" data-create-time=\"1788011013\" data-edit-time=\"1788011013\"><span class=\"cmra-link-main\"><span class=\"cmra-link-title\">\u201cGazzology\u201d diventa un appuntamento pomeridiano: dal 31 agosto, il programma in onda alle 16.00<\/span><\/span><span class=\"cmra-link-subtitle\"><\/span><span class=\"cmra-link-footer\"><span class=\"cmra-link-date\">29 Aug 2026<\/span><\/span><\/a><\/li><li class=\"cmra-category-link-list-entry\"><a href=\"https:\/\/www.fm-world.it\/news\/gigi-ariemma-per-un-po-non-ci-sentiremo-auguro-una-nuova-splendida-stagione-a-tutti-i-miei-colleghi\/\" class=\"cmra-link cmra-no-favicon\" title=\"&#8220;Destiny&#8217;s child con Bootylicious: questa \u00e8 l&#8217;ultima canzone del programma, ma anche l&#8217;ultima canzone in assoluto che vi suono su Radio Capital. Eh lo so, prima o poi dovevo dirvelo, \u00e8 arrivato il momento perch\u00e9 si \u00e8 fatta una certa&#8221;, ha esordito cos\u00ec Gigi Ariemma, nel suo saluto conclusivo con cui ha concluso la collaborazione&hellip;\"  target=\"_blank\" data-create-time=\"1788010427\" data-edit-time=\"1788010427\"><span class=\"cmra-link-main\"><span class=\"cmra-link-title\">Gigi Ariemma: \u201cPer un po\u2019 non ci sentiremo, auguro una nuova splendida stagione a tutti i miei colleghi\u201d<\/span><\/span><span class=\"cmra-link-subtitle\"><\/span><span class=\"cmra-link-footer\"><span class=\"cmra-link-date\">29 Aug 2026<\/span><\/span><\/a><\/li><li class=\"cmra-category-link-list-entry\"><a href=\"https:\/\/www.fm-world.it\/news\/radio-kiss-kiss-protagonista-del-fuori-gp-monza-2026-quattro-giorni-di-musica-e-spettacolo-aspettando-il-gran-premio-ditalia\/\" class=\"cmra-link cmra-no-favicon\" title=\"Dal 3 al 6 settembre, Piazza Cambiaghi diventer\u00e0 uno dei punti di riferimento del FuoriGP Monza 2026, l&#8217;evento organizzato dal Comune di Monza in attesa del Formula 1 Pirelli Gran Premio d&#8217;Italia. Protagonista dell&#8217;intrattenimento sar\u00e0 Radio Kiss Kiss, che per quattro giorni porter\u00e0 nel cuore della citt\u00e0 concerti, dirette, dj set, giochi, attivit\u00e0 di engagement&hellip;\"  target=\"_blank\" data-create-time=\"1787956553\" data-edit-time=\"1787956553\"><span class=\"cmra-link-main\"><span class=\"cmra-link-title\">Radio Kiss Kiss protagonista del Fuori GP Monza 2026: quattro giorni di musica e spettacolo aspettando il Gran Premio d\u2019Italia<\/span><\/span><span class=\"cmra-link-subtitle\"><\/span><span class=\"cmra-link-footer\"><span class=\"cmra-link-date\">28 Aug 2026<\/span><\/span><\/a><\/li><li class=\"cmra-category-link-list-entry\"><a href=\"https:\/\/www.fm-world.it\/news\/canto-damore-conquista-il-vertice-dei-piu-trasmessi-in-radio\/\" class=\"cmra-link cmra-no-favicon\" title=\"Venerd\u00ec 28 agosto sono stati diffusi i nuovi aggiornamenti delle classifiche di EarOne e Radio Airplay. \u201cCanto d&#8217;amore\u201d di Angelina Mango e Marco Mengoni \u00e8 il brano pi\u00f9 trasmesso dalle radio. Nella chart EarOne, relativa alla settimana dal 21 al 27 agosto, il singolo compie un importante balzo in avanti, passando dalla sesta alla prima&hellip;\"  target=\"_blank\" data-create-time=\"1787929794\" data-edit-time=\"1787929794\"><span class=\"cmra-link-main\"><span class=\"cmra-link-title\">\u201cCanto d\u2019amore\u201d conquista il vertice dei pi\u00f9 trasmessi in radio<\/span><\/span><span class=\"cmra-link-subtitle\"><\/span><span class=\"cmra-link-footer\"><span class=\"cmra-link-date\">28 Aug 2026<\/span><\/span><\/a><\/li><li class=\"cmra-category-link-list-entry\"><a href=\"https:\/\/www.fm-world.it\/news\/mc-media-group-al-via-la-nuova-stagione-con-il-lancio-di-match-music-radio\/\" class=\"cmra-link cmra-no-favicon\" title=\"Riparte con grandi novit\u00e0 e un palinsesto sempre pi\u00f9 ricco la stagione radiofonica di\u00a0MC Media Group, la holding multimediale guidata da\u00a0Mario Chiavalin\u00a0che si consolida come punto di riferimento nel panorama della comunicazione italiana nei settori luxury, wellness e lifestyle. Attraverso la divisione\u00a0Reti Radio Tv\u00a0\u2013 diretta da\u00a0Riccardo Este\u00a0\u2013 il gruppo schiera un ecosistema integrato da 22&hellip;\"  target=\"_blank\" data-create-time=\"1787868716\" data-edit-time=\"1787868716\"><span class=\"cmra-link-main\"><span class=\"cmra-link-title\">MC Media Group: al via la nuova stagione con il lancio di Match Music Radio<\/span><\/span><span class=\"cmra-link-subtitle\"><\/span><span class=\"cmra-link-footer\"><span class=\"cmra-link-date\">27 Aug 2026<\/span><\/span><\/a><\/li><li class=\"cmra-category-link-list-entry\"><a href=\"https:\/\/www.fm-world.it\/news\/capital-hall-of-fame-ha-un-nuovo-conduttore-arriva-edoardo-rossi\/\" class=\"cmra-link cmra-no-favicon\" title=\"Nuovo ingresso nel cast di Radio Capital. A debuttare a breve &#8211; come gi\u00e0 anticipato dal sito dell&#8217;emittente &#8211; sar\u00e0 Edoardo Rossi, che condurr\u00e0 \u201cCapital Hall of Fame\u201d nel weekend (fascia 16-18), portando con s\u00e9 un percorso professionale costruito tra radio, televisione e produzione di contenuti. Torinese, classe 1975, Rossi ha iniziato prestissimo il proprio&hellip;\"  target=\"_blank\" data-create-time=\"1787868684\" data-edit-time=\"1787868684\"><span class=\"cmra-link-main\"><span class=\"cmra-link-title\">\u201cCapital Hall of Fame\u201d ha un nuovo conduttore: arriva Edoardo Rossi<\/span><\/span><span class=\"cmra-link-subtitle\"><\/span><span class=\"cmra-link-footer\"><span class=\"cmra-link-date\">27 Aug 2026<\/span><\/span><\/a><\/li><li class=\"cmra-category-link-list-entry\"><a href=\"https:\/\/www.fm-world.it\/news\/ventanni-di-lolliradio-marco-lolli-racconta-la-sua-scommessa-tra-sacrifici-e-futuro\/\" class=\"cmra-link cmra-no-favicon\" title=\"Il 28 agosto 2006 nasceva LolliRadio. Vent\u2019anni dopo, quella che inizialmente era soprattutto l\u2019esigenza di creare qualcosa di proprio e di sperimentare un format allora poco conosciuto si \u00e8 trasformata in una realt\u00e0 capace di attraversare profonde trasformazioni tecnologiche e di consolidare nel tempo un pubblico sempre pi\u00f9 ampio. Dai primi mesi di lavoro serrato&hellip;\"  target=\"_blank\" data-create-time=\"1787868127\" data-edit-time=\"1787868127\"><span class=\"cmra-link-main\"><span class=\"cmra-link-title\">Vent\u2019anni di LolliRadio: Marco Lolli racconta la sua \u201cscommessa\u201d, tra sacrifici e futuro<\/span><\/span><span class=\"cmra-link-subtitle\"><\/span><span class=\"cmra-link-footer\"><span class=\"cmra-link-date\">27 Aug 2026<\/span><\/span><\/a><\/li><li class=\"cmra-category-link-list-entry\"><a href=\"https:\/\/www.fm-world.it\/news\/radio-lattemiele-tutte-le-novita-del-palinsesto-invernale-2026-2027\/\" class=\"cmra-link cmra-no-favicon\" title=\"Nuove voci, programmi rinnovati e tante conferme per la stagione al via il 31 agosto. \u00c8 una stagione ricca di novit\u00e0 quella che si prepara a vivere Radio LatteMiele con il nuovo palinsesto invernale 2026\/2027, in partenza da luned\u00ec 31 agosto. Nuovi ingressi, programmi rinnovati e voci gi\u00e0 familiari al pubblico accompagneranno gli ascoltatori dal&hellip;\"  target=\"_blank\" data-create-time=\"1787868008\" data-edit-time=\"1787868008\"><span class=\"cmra-link-main\"><span class=\"cmra-link-title\">Radio LatteMiele, tutte le novit\u00e0 del palinsesto invernale 2026\/2027<\/span><\/span><span class=\"cmra-link-subtitle\"><\/span><span class=\"cmra-link-footer\"><span class=\"cmra-link-date\">27 Aug 2026<\/span><\/span><\/a><\/li><li class=\"cmra-category-link-list-entry\"><a href=\"https:\/\/www.fm-world.it\/news\/kiss-kiss-trend-zone-dal-31-agosto-al-via-il-nuovo-programma-meridiano-con-paolo-e-lucilla\/\" class=\"cmra-link cmra-no-favicon\" title=\"Luned\u00ec 31 agosto, riprende l&#8217;abituale programmazione di Radio Kiss Kiss. Nella fascia settimanale, torneranno dunque Max Poli e La Leti con &#8220;I Mattinieri&#8221; alle 5.00, il &#8220;Pippo Pelo Show&#8221; con Pippo Pelo e Adriana Petro alle 7.00, &#8220;Good Morning Kiss Kiss&#8221; con Max Giannini e Max Vitale alle 9.00, &#8220;Dedikiss&#8221; con Marco e Raf alle&hellip;\"  target=\"_blank\" data-create-time=\"1787842371\" data-edit-time=\"1787842371\"><span class=\"cmra-link-main\"><span class=\"cmra-link-title\">\u201cKiss Kiss Trend Zone\u201d: dal 31 agosto, al via il nuovo programma meridiano con Paolo e Lucilla<\/span><\/span><span class=\"cmra-link-subtitle\"><\/span><span class=\"cmra-link-footer\"><span class=\"cmra-link-date\">27 Aug 2026<\/span><\/span><\/a><\/li><\/ul><\/div><\/div><\/div><\/div>    <\/div>\r\n<\/div>\r\n[\/vc_column_text][\/vc_column][\/vc_row]<\/p>\n","protected":false},"excerpt":{"rendered":"<p>[vc_row][vc_column][vc_column_text css_animation=&#8221;left-to-right&#8221;]L&#8217;aggiornamento \u00e8 continuo per questa rassegna di notizie da altri siti di informazione. \u00a0Notizie e informazioni dal mondo dei media italiani e stranieri.[\/vc_column_text][vc_column_text][\/vc_column_text][vc_column_text][\/vc_column_text][\/vc_column][\/vc_row]<\/p>\n","protected":false},"author":1,"featured_media":12388,"parent":0,"menu_order":0,"comment_status":"closed","ping_status":"closed","template":"page-sidebar.php","meta":{"om_disable_all_campaigns":false,"footnotes":""},"class_list":["post-12307","page","type-page","status-publish","has-post-thumbnail","hentry"],"_links":{"self":[{"href":"https:\/\/www.monitor-radiotv.it\/w\/wp-json\/wp\/v2\/pages\/12307","targetHints":{"allow":["GET"]}}],"collection":[{"href":"https:\/\/www.monitor-radiotv.it\/w\/wp-json\/wp\/v2\/pages"}],"about":[{"href":"https:\/\/www.monitor-radiotv.it\/w\/wp-json\/wp\/v2\/types\/page"}],"author":[{"embeddable":true,"href":"https:\/\/www.monitor-radiotv.it\/w\/wp-json\/wp\/v2\/users\/1"}],"replies":[{"embeddable":true,"href":"https:\/\/www.monitor-radiotv.it\/w\/wp-json\/wp\/v2\/comments?post=12307"}],"version-history":[{"count":0,"href":"https:\/\/www.monitor-radiotv.it\/w\/wp-json\/wp\/v2\/pages\/12307\/revisions"}],"wp:featuredmedia":[{"embeddable":true,"href":"https:\/\/www.monitor-radiotv.it\/w\/wp-json\/wp\/v2\/media\/12388"}],"wp:attachment":[{"href":"https:\/\/www.monitor-radiotv.it\/w\/wp-json\/wp\/v2\/media?parent=12307"}],"curies":[{"name":"wp","href":"https:\/\/api.w.org\/{rel}","templated":true}]}}