{"id":1250,"date":"2015-01-31T15:57:42","date_gmt":"2015-01-31T15:57:42","guid":{"rendered":"http:\/\/www.monitor-radiotv.it\/w\/?page_id=1250"},"modified":"2023-04-24T10:59:54","modified_gmt":"2023-04-24T08:59:54","slug":"italian","status":"publish","type":"page","link":"https:\/\/www.monitor-radiotv.it\/w\/italian\/","title":{"rendered":"Rassegna Stampa Quotidiana MonitoR magazine"},"content":{"rendered":"<div id=\"fb-root\"><\/div>\n<p>[vc_row][vc_column][vc_single_image image=&#8221;33513&#8243; img_size=&#8221;full&#8221; alignment=&#8221;center&#8221;][vc_row][vc_column][vc_column_text css_animation=&#8221;left-to-right&#8221;]L&#8217;aggiornamento \u00e8 continuo per questa rassegna di notizie da altri siti di informazione. \u00a0Notizie e informazioni dal mondo dei media italiani e stranieri.[\/vc_column_text][vc_column_text]\r\n<div class=\"cmra\">\r\n\r\n    <div class=\"cmra-content\">\r\n        <div class=\"cmra-category-box\"><div class=\"cmra-category\" style=\"\" data-id=\"137\" data-role=\"category\"><div class=\"cmra-header\">quotidiano<\/div><\/div><\/div><div class=\"cmra-category-box\"><div class=\"cmra-category\" style=\"background:#c4c4c4;\" data-id=\"159\" data-role=\"category\"><div class=\"cmra-header\">Televisione<\/div><\/div><\/div>    <\/div>\r\n<\/div>\r\n[\/vc_column_text][vc_column_text]\r\n<div class=\"cmra\">\r\n\r\n    <div class=\"cmra-content\">\r\n        <div class=\"cmra-category-box\"><div class=\"cmra-category\" style=\"\" data-id=\"113\" data-role=\"category\"><div class=\"cmra-header\">HD Blog<\/div><ul class='cmra-category-link-list'><li class=\"cmra-category-link-list-entry\"><a href=\"https:\/\/www.hdblog.it\/philips\/articoli\/n669222\/philips-hue-sync-box-ifa-videocamera-nanoleaf\/\" class=\"cmra-link cmra-no-favicon\" title=\"Le indiscrezioni si sono rivelate corrette.\"  target=\"_blank\" data-create-time=\"1788425100\" data-edit-time=\"1788425100\"><span class=\"cmra-link-main\"><span class=\"cmra-link-title\">Philips Hue a IFA: novit\u00e0 per sync TV e partnership con Nanoleaf<\/span><\/span><span class=\"cmra-link-subtitle\"><\/span><span class=\"cmra-link-footer\"><span class=\"cmra-link-date\">03 Sep 2026<\/span><\/span><\/a><\/li><li class=\"cmra-category-link-list-entry\"><a href=\"https:\/\/www.hdblog.it\/samsung\/articoli\/n669217\/samsung-connect-novita-ifa-2026-panoramica\/\" class=\"cmra-link cmra-no-favicon\" title=\"Samsung punta sull\u0092intelligenza artificiale a IFA 2026 con Vision AI Companion sui TV, nuove funzioni per i frigoriferi Family Hub, elettrodomestici Bespoke AI e strumenti Galaxy AI su smartphone e PC\"  target=\"_blank\" data-create-time=\"1788424800\" data-edit-time=\"1788424800\"><span class=\"cmra-link-main\"><span class=\"cmra-link-title\">Samsung Connect a IFA 2026: tutte le novit\u00e0 tra TV, casa e Galaxy<\/span><\/span><span class=\"cmra-link-subtitle\"><\/span><span class=\"cmra-link-footer\"><span class=\"cmra-link-date\">03 Sep 2026<\/span><\/span><\/a><\/li><li class=\"cmra-category-link-list-entry\"><a href=\"https:\/\/www.hdblog.it\/home\/articoli\/n669205\/miele-lavastoviglie-g8-telecamera-ai-ifa2026\/\" class=\"cmra-link cmra-no-favicon\" title=\"Miele porta a IFA 2026 la nuova lavastoviglie top di gamma G8 Diamond, capace di riconoscere carico e stoviglie tramite una fotocamera integrata, insieme al CulinaryCoach, l&#039;assistente AI dell&#039;app...\"  target=\"_blank\" data-create-time=\"1788423600\" data-edit-time=\"1788423600\"><span class=\"cmra-link-main\"><span class=\"cmra-link-title\">Miele a IFA 2026: la lavastoviglie G8 Diamond riconosce da sola il carico<\/span><\/span><span class=\"cmra-link-subtitle\"><\/span><span class=\"cmra-link-footer\"><span class=\"cmra-link-date\">03 Sep 2026<\/span><\/span><\/a><\/li><li class=\"cmra-category-link-list-entry\"><a href=\"https:\/\/www.hdblog.it\/green\/articoli\/n669206\/prezzo-gas-vulnerabili-arera-aumento-agosto\/\" class=\"cmra-link cmra-no-favicon\" title=\"L&#039;aumento rispetto a febbraio supera l&#039;80%.\"  target=\"_blank\" data-create-time=\"1788423000\" data-edit-time=\"1788423000\"><span class=\"cmra-link-main\"><span class=\"cmra-link-title\">Bolletta del gas, un altro mese nero: prezzi in forte aumento per i clienti vulnerabili<\/span><\/span><span class=\"cmra-link-subtitle\"><\/span><span class=\"cmra-link-footer\"><span class=\"cmra-link-date\">03 Sep 2026<\/span><\/span><\/a><\/li><li class=\"cmra-category-link-list-entry\"><a href=\"https:\/\/www.hdblog.it\/home\/articoli\/n668713\/narwal-tutte-novita-ifa-2026-nuovi-robot\/\" class=\"cmra-link cmra-no-favicon\" title=\"Narwal amplia il proprio catalogo europeo a IFA 2026\"  target=\"_blank\" data-create-time=\"1788422460\" data-edit-time=\"1788422460\"><span class=\"cmra-link-main\"><span class=\"cmra-link-title\">Narwal, tutte le novit\u00e0 a IFA 2026: nuovi robot, aspirapolvere e lavapavimenti<\/span><\/span><span class=\"cmra-link-subtitle\"><\/span><span class=\"cmra-link-footer\"><span class=\"cmra-link-date\">03 Sep 2026<\/span><\/span><\/a><\/li><li class=\"cmra-category-link-list-entry\"><a href=\"https:\/\/www.hdmotori.it\/omoda-4-anteprima-europea\/\" class=\"cmra-link cmra-no-favicon\" title=\"Omoda 4 sceglie le finali di VALORANT a Barcellona per la sua premi&egrave;re europea. Tra design CYBER MECHA e AI a bordo, il brand punta ai giovani appassionati di eSports.\"  target=\"_blank\" data-create-time=\"1788422413\" data-edit-time=\"1788422413\"><span class=\"cmra-link-main\"><span class=\"cmra-link-title\">Omoda 4: in anteprima europea all&amp;#039;evento di eSports<\/span><\/span><span class=\"cmra-link-subtitle\"><\/span><span class=\"cmra-link-footer\"><span class=\"cmra-link-date\">03 Sep 2026<\/span><\/span><\/a><\/li><li class=\"cmra-category-link-list-entry\"><a href=\"https:\/\/www.hdblog.it\/samsung\/articoli\/n669209\/samsung-ifa-2026-lavatrici-design-funzioni\/\" class=\"cmra-link cmra-no-favicon\" title=\"Samsung presenta a IFA di Berlino una nuova gamma di lavatrici a carica frontale da 24 pollici con Flat Design, una soluzione estetica finora riservata ad alcuni modelli premium del marchio\"  target=\"_blank\" data-create-time=\"1788421500\" data-edit-time=\"1788421500\"><span class=\"cmra-link-main\"><span class=\"cmra-link-title\">Samsung porta design e soluzioni premium sulle lavatrici pi\u00f9 accessibili<\/span><\/span><span class=\"cmra-link-subtitle\"><\/span><span class=\"cmra-link-footer\"><span class=\"cmra-link-date\">03 Sep 2026<\/span><\/span><\/a><\/li><li class=\"cmra-category-link-list-entry\"><a href=\"https:\/\/www.hdblog.it\/indossabili\/articoli\/n669144\/anker-nuovo-brand-ifa-auricolari-power-bank\/\" class=\"cmra-link cmra-no-favicon\" title=\"Tre marchi storici sotto un&#039;unica identit\u00e0.\"  target=\"_blank\" data-create-time=\"1788420660\" data-edit-time=\"1788420660\"><span class=\"cmra-link-main\"><span class=\"cmra-link-title\">Dalle cuffie con AI ai power bank con ventola: ecco la nuova Anker svelata a IFA<\/span><\/span><span class=\"cmra-link-subtitle\"><\/span><span class=\"cmra-link-footer\"><span class=\"cmra-link-date\">03 Sep 2026<\/span><\/span><\/a><\/li><li class=\"cmra-category-link-list-entry\"><a href=\"https:\/\/www.hdblog.it\/portatili\/articoli\/n669203\/dell-laptop-alienware-monitor-oled-wildcat-lake\/\" class=\"cmra-link cmra-no-favicon\" title=\"Anche in casa Dell debutta la piattaforma Intel Wildcat Lake.\"  target=\"_blank\" data-create-time=\"1788420300\" data-edit-time=\"1788420300\"><span class=\"cmra-link-main\"><span class=\"cmra-link-title\">Dell a IFA con un laptop compatto ma potente e due monitor Alienware<\/span><\/span><span class=\"cmra-link-subtitle\"><\/span><span class=\"cmra-link-footer\"><span class=\"cmra-link-date\">03 Sep 2026<\/span><\/span><\/a><\/li><li class=\"cmra-category-link-list-entry\"><a href=\"https:\/\/www.hdblog.it\/hardware\/articoli\/n669197\/asus-proart-p16-p14-rtx-spark-ifa-2026\/\" class=\"cmra-link cmra-no-favicon\" title=\"ASUS presenta ProArt P16, P14 e GR1X con NVIDIA RTX Spark e AI locale avanzata.\"  target=\"_blank\" data-create-time=\"1788419700\" data-edit-time=\"1788419700\"><span class=\"cmra-link-main\"><span class=\"cmra-link-title\">ASUS a IFA 2026: nuovi Zenbook, primi ProArt con RTX Spark e molto altro<\/span><\/span><span class=\"cmra-link-subtitle\"><\/span><span class=\"cmra-link-footer\"><span class=\"cmra-link-date\">03 Sep 2026<\/span><\/span><\/a><\/li><li class=\"cmra-category-link-list-entry\"><a href=\"https:\/\/www.hdblog.it\/smartphone\/articoli\/n669175\/account-samsung-disattivati\/\" class=\"cmra-link cmra-no-favicon\" title=\"Fioccano le segnalazioni per account Samsung disattivati: cosa sta succedendo?\"  target=\"_blank\" data-create-time=\"1788419100\" data-edit-time=\"1788419100\"><span class=\"cmra-link-main\"><span class=\"cmra-link-title\">Alcuni account Samsung sono stati disattivati: il motivo ancora non \u00e8 chiaro<\/span><\/span><span class=\"cmra-link-subtitle\"><\/span><span class=\"cmra-link-footer\"><span class=\"cmra-link-date\">03 Sep 2026<\/span><\/span><\/a><\/li><li class=\"cmra-category-link-list-entry\"><a href=\"https:\/\/www.hdblog.it\/smartphone\/articoli\/n669179\/xiaomi-18-fold-immagini-ufficiali-specifiche\/\" class=\"cmra-link cmra-no-favicon\" title=\"Confermato il design &quot;a passaporto&quot;. E anche un colore che si fa notare.\"  target=\"_blank\" data-create-time=\"1788418500\" data-edit-time=\"1788418500\"><span class=\"cmra-link-main\"><span class=\"cmra-link-title\">Xiaomi 18 Fold si mostra ufficialmente: chiamatelo &quot;mid-fold&quot;<\/span><\/span><span class=\"cmra-link-subtitle\"><\/span><span class=\"cmra-link-footer\"><span class=\"cmra-link-date\">03 Sep 2026<\/span><\/span><\/a><\/li><li class=\"cmra-category-link-list-entry\"><a href=\"https:\/\/www.hdblog.it\/indossabili\/offerte\/n669195\/samsung-galaxy-buds3-pro-amazon-codice-20oaz\/\" class=\"cmra-link cmra-no-favicon\" title=\"Le Samsung Galaxy Buds3 Pro bianche sono in offerta su Amazon a 86,89\u0080 con codice 20OAZ: true wireless con ANC, audio Hi-Fi, LED, IP57 e case USB-C.\"  target=\"_blank\" data-create-time=\"1788415800\" data-edit-time=\"1788415800\"><span class=\"cmra-link-main\"><span class=\"cmra-link-title\">Galaxy Buds3 Pro su Amazon a 86\u0080: prezzo top (con coupon) per gli auricolari Samsung<\/span><\/span><span class=\"cmra-link-subtitle\"><\/span><span class=\"cmra-link-footer\"><span class=\"cmra-link-date\">03 Sep 2026<\/span><\/span><\/a><\/li><li class=\"cmra-category-link-list-entry\"><a href=\"https:\/\/www.hdblog.it\/tecnologia\/articoli\/n669191\/cedimenti-metropolitane-satelliti-insar-radar\/\" class=\"cmra-link cmra-no-favicon\" title=\"Satelliti, laser e radar possono individuare cedimenti nascosti lungo le linee della metropolitana.\"  target=\"_blank\" data-create-time=\"1788415800\" data-edit-time=\"1788415800\"><span class=\"cmra-link-main\"><span class=\"cmra-link-title\">Metropolitane, ora i cedimenti nascosti si possono trovare dallo spazio<\/span><\/span><span class=\"cmra-link-subtitle\"><\/span><span class=\"cmra-link-footer\"><span class=\"cmra-link-date\">03 Sep 2026<\/span><\/span><\/a><\/li><li class=\"cmra-category-link-list-entry\"><a href=\"https:\/\/www.hdblog.it\/domotica\/articoli\/n669149\/navimow-h5-pro-robot-tagliaerba-bordi\/\" class=\"cmra-link cmra-no-favicon\" title=\"Navimow H5 Pro usa un braccio estensibile per tagliare il prato fino ai bordi.\"  target=\"_blank\" data-create-time=\"1788415260\" data-edit-time=\"1788415260\"><span class=\"cmra-link-main\"><span class=\"cmra-link-title\">Robot tagliaerba Navimow H5 Pro: arriva anche ai bordi, addio alle rifiniture manuali<\/span><\/span><span class=\"cmra-link-subtitle\"><\/span><span class=\"cmra-link-footer\"><span class=\"cmra-link-date\">03 Sep 2026<\/span><\/span><\/a><\/li><li class=\"cmra-category-link-list-entry\"><a href=\"https:\/\/www.hdblog.it\/sicurezza\/articoli\/n669187\/openai-astra-cybersicurezza-hugging-face\/\" class=\"cmra-link cmra-no-favicon\" title=\"OpenAI rallenta Astra dopo un incidente che mostra quanto gli agenti AI siano diventati autonomi\"  target=\"_blank\" data-create-time=\"1788414900\" data-edit-time=\"1788414900\"><span class=\"cmra-link-main\"><span class=\"cmra-link-title\">OpenAI rinvia Astra: l\u0092AI diventa un rischio per la cybersicurezza<\/span><\/span><span class=\"cmra-link-subtitle\"><\/span><span class=\"cmra-link-footer\"><span class=\"cmra-link-date\">03 Sep 2026<\/span><\/span><\/a><\/li><li class=\"cmra-category-link-list-entry\"><a href=\"https:\/\/www.hdblog.it\/hardware\/articoli\/n669188\/qualcomm-dragonwing-q-2390-iq-2390-ai-locale\/\" class=\"cmra-link cmra-no-favicon\" title=\"Qualcomm presenta Dragonwing Q-2390 e IQ-2390 per AI locale, smart home e industria\"  target=\"_blank\" data-create-time=\"1788414300\" data-edit-time=\"1788414300\"><span class=\"cmra-link-main\"><span class=\"cmra-link-title\">Qualcomm porta l\u0092AI locale nella smart home con Dragonwing Q-2390<\/span><\/span><span class=\"cmra-link-subtitle\"><\/span><span class=\"cmra-link-footer\"><span class=\"cmra-link-date\">03 Sep 2026<\/span><\/span><\/a><\/li><li class=\"cmra-category-link-list-entry\"><a href=\"https:\/\/www.hdblog.it\/hardware\/articoli\/n669189\/lg-ultragear-monitor-gaming-1000-hz-ifa-2026\/\" class=\"cmra-link cmra-no-favicon\" title=\"LG porta a IFA 2026 un monitor Full HD da 1000 Hz pensato per il gaming competitivo.\"  target=\"_blank\" data-create-time=\"1788413700\" data-edit-time=\"1788413700\"><span class=\"cmra-link-main\"><span class=\"cmra-link-title\">LG UltraGear a 1000 Hz: il monitor che sfida i limiti del gaming arriva a IFA 2026<\/span><\/span><span class=\"cmra-link-subtitle\"><\/span><span class=\"cmra-link-footer\"><span class=\"cmra-link-date\">03 Sep 2026<\/span><\/span><\/a><\/li><li class=\"cmra-category-link-list-entry\"><a href=\"https:\/\/www.hdblog.it\/smartphone\/comparazioni\/n666672\/cuktech-ricarica-smartphone-test-video-comparativa\/\" class=\"cmra-link cmra-no-favicon\" title=\"Chi vince?\"  target=\"_blank\" data-create-time=\"1788375600\" data-edit-time=\"1788375600\"><span class=\"cmra-link-main\"><span class=\"cmra-link-title\">La verit\u00e0 sulla ricarica degli smartphone | Video<\/span><\/span><span class=\"cmra-link-subtitle\"><\/span><span class=\"cmra-link-footer\"><span class=\"cmra-link-date\">02 Sep 2026<\/span><\/span><\/a><\/li><li class=\"cmra-category-link-list-entry\"><a href=\"https:\/\/www.hdblog.it\/smartphone\/comparazioni\/n669173\/nothing-os-5-0-android-17-novita-quando-modelli\/\" class=\"cmra-link cmra-no-favicon\" title=\"Novit\u00e0, modelli coinvolti e tempistiche.\"  target=\"_blank\" data-create-time=\"1788372900\" data-edit-time=\"1788372900\"><span class=\"cmra-link-main\"><span class=\"cmra-link-title\">Nothing OS 5.0 \u00e8 ufficiale: le novit\u00e0 tra AI, trasparenze e Quick Share con iPhone<\/span><\/span><span class=\"cmra-link-subtitle\"><\/span><span class=\"cmra-link-footer\"><span class=\"cmra-link-date\">02 Sep 2026<\/span><\/span><\/a><\/li><\/ul><\/div><\/div><div class=\"cmra-category-box\"><div class=\"cmra-category\" style=\"\" data-id=\"101\" data-role=\"category\"><div class=\"cmra-header\">Radiotelevisione<\/div><div class='children'><div class=\"cmra-category\" style=\"\" data-id=\"112\" data-role=\"category\"><div class=\"cmra-header\">FM World<\/div><ul class='cmra-category-link-list'><li class=\"cmra-category-link-list-entry\"><a href=\"https:\/\/www.fm-world.it\/news\/byd-music-awards-larena-di-verona-celebra-ventanni-di-musica-diretta-su-rai1-rai-radio2-e-radio-italia\/\" class=\"cmra-link cmra-no-favicon\" title=\"L\u2019Arena di Verona si prepara ad accogliere la ventesima edizione dei BYD Music Awards, in programma venerd\u00ec 18 e sabato 19 settembre 2026. Due serate gi\u00e0 sold out da mesi che saranno trasmesse in diretta in prima serata su Rai1, con la conduzione di Carlo Conti e Vanessa Incontrada. Ma la musica dell\u2019Arena non passer\u00e0&hellip;\"  target=\"_blank\" data-create-time=\"1788416675\" data-edit-time=\"1788416675\"><span class=\"cmra-link-main\"><span class=\"cmra-link-title\">BYD Music Awards, l\u2019Arena di Verona celebra vent\u2019anni di musica: diretta su Rai1, Rai Radio2 e Radio Italia<\/span><\/span><span class=\"cmra-link-subtitle\"><\/span><span class=\"cmra-link-footer\"><span class=\"cmra-link-date\">03 Sep 2026<\/span><\/span><\/a><\/li><li class=\"cmra-category-link-list-entry\"><a href=\"https:\/\/www.fm-world.it\/news\/linda-pani-lascia-leredita-per-un-nuovo-impegno-quotidiano-a-radio-105\/\" class=\"cmra-link cmra-no-favicon\" title=\"La \u201cProfessoressa\u201d del quiz show di Rai1 non sar\u00e0 infatti tra i volti della prossima stagione del programma condotto da Marco Liorni. Una decisione che, come ha spiegato la stessa Pani, non nasce da contrasti con la Rai o con la produzione, ma da una precisa scelta professionale legata soprattutto al suo percorso a Radio&hellip;\"  target=\"_blank\" data-create-time=\"1788402358\" data-edit-time=\"1788402358\"><span class=\"cmra-link-main\"><span class=\"cmra-link-title\">Linda Pani lascia \u201cL\u2019Eredit\u00e0\u201d per un nuovo impegno quotidiano a Radio 105<\/span><\/span><span class=\"cmra-link-subtitle\"><\/span><span class=\"cmra-link-footer\"><span class=\"cmra-link-date\">03 Sep 2026<\/span><\/span><\/a><\/li><li class=\"cmra-category-link-list-entry\"><a href=\"https:\/\/www.fm-world.it\/news\/virgin-radio-partner-delle-giornate-mondiali-moto-guzzi-2026\/\" class=\"cmra-link cmra-no-favicon\" title=\"Sar\u00e0 Mandello del Lario, in provincia di Lecco, il punto di riferimento per migliaia di appassionati di motociclismo provenienti da tutto il mondo. Dal 3 al 6 settembre 2026 \u00e8 in programma la nuova edizione delle Giornate Mondiali Moto Guzzi (GMG), appuntamento che quest\u2019anno assume un significato particolare con i festeggiamenti per i 105 anni&hellip;\"  target=\"_blank\" data-create-time=\"1788391520\" data-edit-time=\"1788391520\"><span class=\"cmra-link-main\"><span class=\"cmra-link-title\">Virgin Radio partner delle Giornate Mondiali Moto Guzzi 2026<\/span><\/span><span class=\"cmra-link-subtitle\"><\/span><span class=\"cmra-link-footer\"><span class=\"cmra-link-date\">02 Sep 2026<\/span><\/span><\/a><\/li><li class=\"cmra-category-link-list-entry\"><a href=\"https:\/\/www.fm-world.it\/news\/rtl-102-5-power-hits-estate-2026-trionfano-i-pinguini-tattici-nucleari\/\" class=\"cmra-link cmra-no-favicon\" title=\"\u00c8 \u201cSorry Scusa Lo Siento\u201d dei Pinguini Tattici Nucleari la canzone vincitrice del Power Hits Estate 2026 di RTL 102.5. Il verdetto \u00e8 arrivato nella serata di marted\u00ec 1\u00b0 settembre dall\u2019Arena di Verona, teatro della decima edizione dell\u2019evento che ogni anno celebra le canzoni protagoniste dell\u2019estate italiana. La band guidata da Riccardo Zanotti ha conquistato&hellip;\"  target=\"_blank\" data-create-time=\"1788303544\" data-edit-time=\"1788303544\"><span class=\"cmra-link-main\"><span class=\"cmra-link-title\">RTL 102.5 Power Hits Estate 2026: trionfano i Pinguini Tattici Nucleari<\/span><\/span><span class=\"cmra-link-subtitle\"><\/span><span class=\"cmra-link-footer\"><span class=\"cmra-link-date\">01 Sep 2026<\/span><\/span><\/a><\/li><li class=\"cmra-category-link-list-entry\"><a href=\"https:\/\/www.fm-world.it\/news\/radio-kiss-kiss-alfa-special-guest-al-fuorigp-monza-2026\/\" class=\"cmra-link cmra-no-favicon\" title=\"La line-up dei live di Radio Kiss Kiss al FuoriGP Monza 2026 si arricchisce di un nuovo protagonista. Alfa sar\u00e0 infatti lo special guest della serata di venerd\u00ec 4 settembre sul palco di Piazza Cambiaghi, nell\u2019ambito dell\u2019evento organizzato dal Comune di Monza in occasione del Formula 1 Pirelli Gran Premio d\u2019Italia. Dal 3 al 6&hellip;\"  target=\"_blank\" data-create-time=\"1788301447\" data-edit-time=\"1788301447\"><span class=\"cmra-link-main\"><span class=\"cmra-link-title\">Radio Kiss Kiss: Alfa special guest al FuoriGP Monza 2026<\/span><\/span><span class=\"cmra-link-subtitle\"><\/span><span class=\"cmra-link-footer\"><span class=\"cmra-link-date\">01 Sep 2026<\/span><\/span><\/a><\/li><li class=\"cmra-category-link-list-entry\"><a href=\"https:\/\/www.fm-world.it\/news\/radio-deejay-le-novita-del-weekend\/\" class=\"cmra-link cmra-no-favicon\" title=\"Dopo aver annunciato il palinsesto settimanale di Radio Deejay, che cosa cambier\u00e0 nel weekend? La programmazione prende il via alle 6.00 con Florencia, a cui seguono Rudy e Laura alle 8.00 e (solo al sabato) Vic e Marisa alle 10.00, oltre a Deejay Football Club alle 12.00. La domenica, invece, dalle 10.00 alle 13.00, il&hellip;\"  target=\"_blank\" data-create-time=\"1788214429\" data-edit-time=\"1788214429\"><span class=\"cmra-link-main\"><span class=\"cmra-link-title\">Radio Deejay: le novit\u00e0 del weekend<\/span><\/span><span class=\"cmra-link-subtitle\"><\/span><span class=\"cmra-link-footer\"><span class=\"cmra-link-date\">31 Aug 2026<\/span><\/span><\/a><\/li><li class=\"cmra-category-link-list-entry\"><a href=\"https:\/\/www.fm-world.it\/news\/radio-capital-e-onepodcast-alla-mostra-del-cinema-di-venezia-con-betty-senatore\/\" class=\"cmra-link cmra-no-favicon\" title=\"Radio Capital e OnePodcast saranno al Lido dal 2 al 12 settembre 2026 per raccontare la 83\u00aa Mostra Internazionale d\u2019Arte Cinematografica di Venezia. Una presenza quotidiana con dirette radiofoniche, interviste, incontri e contenuti speciali dedicati ai protagonisti e ai film del Festival. Betty Senatore, ogni mattina dalle 10 alle 12, condurr\u00e0 Cose che Capital direttamente&hellip;\"  target=\"_blank\" data-create-time=\"1788214229\" data-edit-time=\"1788214229\"><span class=\"cmra-link-main\"><span class=\"cmra-link-title\">Radio Capital e OnePodcast alla Mostra del Cinema di Venezia con Betty Senatore<\/span><\/span><span class=\"cmra-link-subtitle\"><\/span><span class=\"cmra-link-footer\"><span class=\"cmra-link-date\">31 Aug 2026<\/span><\/span><\/a><\/li><li class=\"cmra-category-link-list-entry\"><a href=\"https:\/\/www.fm-world.it\/news\/alessio-moriggi-entra-nel-morning-show-di-radio-globo\/\" class=\"cmra-link cmra-no-favicon\" title=\"Novit\u00e0 nel Morning Show di Radio Globo, che da luned\u00ec 31 agosto si arricchisce di una nuova voce. Nel corso della puntata d\u2019esordio della nuova stagione \u00e8 stato infatti annunciato l\u2019ingresso di Alessio Moriggi, che va ad affiancare Massimo Vari, Flaminia Cappelli, Gabry Venus e Federica De La Vall\u00e9e. Moriggi, che in precedenza ha trasmesso&hellip;\"  target=\"_blank\" data-create-time=\"1788213781\" data-edit-time=\"1788213781\"><span class=\"cmra-link-main\"><span class=\"cmra-link-title\">Alessio Moriggi entra nel Morning Show di Radio Globo<\/span><\/span><span class=\"cmra-link-subtitle\"><\/span><span class=\"cmra-link-footer\"><span class=\"cmra-link-date\">31 Aug 2026<\/span><\/span><\/a><\/li><li class=\"cmra-category-link-list-entry\"><a href=\"https:\/\/www.fm-world.it\/news\/novita-a-roma-al-via-un-nuovo-progetto-sui-100-5-mhz\/\" class=\"cmra-link cmra-no-favicon\" title=\"Novit\u00e0 nell&#8217;FM di Roma. Da oggi, marted\u00ec 1\u00b0 settembre, sui 100.5 ha preso il via un nuovo progetto radiofonico, ancora non identificato da jingle. L&#8217;rds riporta l&#8217;identificativo &#8220;RADIO&#8230;&#8221;. La frequenza diffondeva il segnale di Radio Bruno, che continua a trasmettere regolarmente sui 101.5 MHz. Ulteriori dettagli nei prossimi giorni. * Per comunicati e ... Read&hellip;\"  target=\"_blank\" data-create-time=\"1788213661\" data-edit-time=\"1788213661\"><span class=\"cmra-link-main\"><span class=\"cmra-link-title\">Novit\u00e0 a Roma: al via un nuovo progetto sui 100.5 MHz<\/span><\/span><span class=\"cmra-link-subtitle\"><\/span><span class=\"cmra-link-footer\"><span class=\"cmra-link-date\">31 Aug 2026<\/span><\/span><\/a><\/li><li class=\"cmra-category-link-list-entry\"><a href=\"https:\/\/www.fm-world.it\/news\/rtl-102-5-power-hits-estate-2026-questa-sera-la-decima-edizione-allarena-di-verona\/\" class=\"cmra-link cmra-no-favicon\" title=\"\u00c8 il giorno del Power Hits Estate 2026 di RTL 102.5. Questa sera, marted\u00ec 1\u00b0 settembre, l\u2019Arena di Verona ospita la decima edizione dell\u2019evento con cui la prima radiovisione italiana celebra le canzoni protagoniste dell\u2019estate e decreta il Power Hit dell\u2019estate 2026. La serata, gi\u00e0 sold out, riunisce sul palco alcuni dei principali protagonisti della&hellip;\"  target=\"_blank\" data-create-time=\"1788213624\" data-edit-time=\"1788213624\"><span class=\"cmra-link-main\"><span class=\"cmra-link-title\">RTL 102.5 Power Hits Estate 2026, questa sera la decima edizione all\u2019Arena di Verona<\/span><\/span><span class=\"cmra-link-subtitle\"><\/span><span class=\"cmra-link-footer\"><span class=\"cmra-link-date\">31 Aug 2026<\/span><\/span><\/a><\/li><li class=\"cmra-category-link-list-entry\"><a href=\"https:\/\/www.fm-world.it\/news\/lodovica-comello-nuova-co-conduttrice-di-105-music-cars-con-dario-spada\/\" class=\"cmra-link cmra-no-favicon\" title=\"Novit\u00e0 nella conduzione del pomeridiano \u201c105 Music &#038; Cars\u201d. A partire da questa stagione, il programma di Radio 105 in onda dalle 16.00 alle 18.00 vede l&#8217;ingresso di Lodovica Comello, al fianco di Dario Spada, storico &#8220;padrone di casa&#8221; dell&#8217;appuntamento quotidiano. La conduttrice, attrice e cantante, gi\u00e0 insieme a Enrico Papi ne &#8220;Gli squizzati di&hellip;\"  target=\"_blank\" data-create-time=\"1788191624\" data-edit-time=\"1788191624\"><span class=\"cmra-link-main\"><span class=\"cmra-link-title\">Lodovica Comello nuova co-conduttrice di \u201c105 Music &amp; Cars\u201d con Dario Spada<\/span><\/span><span class=\"cmra-link-subtitle\"><\/span><span class=\"cmra-link-footer\"><span class=\"cmra-link-date\">31 Aug 2026<\/span><\/span><\/a><\/li><li class=\"cmra-category-link-list-entry\"><a href=\"https:\/\/www.fm-world.it\/news\/radio-bruno-festeggia-50-anni-con-una-mostra-a-carpi-la-nostra-storia\/\" class=\"cmra-link cmra-no-favicon\" title=\"Radio Bruno compie 50 anni e celebra l\u2019anniversario con una mostra dedicata alla propria storia e, soprattutto, al rapporto con il pubblico. Si intitola \u201c50 anni di Radio Bruno \u2013 1976\/2026 \u2013 La nostra storia\u201d l\u2019esposizione che sar\u00e0 inaugurata venerd\u00ec 4 settembre alle 18 nel Cortile d\u2019Onore di Palazzo dei Pio, a Carpi e rester\u00e0&hellip;\"  target=\"_blank\" data-create-time=\"1788159953\" data-edit-time=\"1788159953\"><span class=\"cmra-link-main\"><span class=\"cmra-link-title\">Radio Bruno festeggia 50 anni con una mostra a Carpi: \u201cLa nostra storia\u201d<\/span><\/span><span class=\"cmra-link-subtitle\"><\/span><span class=\"cmra-link-footer\"><span class=\"cmra-link-date\">31 Aug 2026<\/span><\/span><\/a><\/li><li class=\"cmra-category-link-list-entry\"><a href=\"https:\/\/www.fm-world.it\/news\/il-nuovo-palinsesto-di-radio-deejay-molte-conferme-alcune-novita\/\" class=\"cmra-link cmra-no-favicon\" title=\"Riparte luned\u00ec 31 agosto la stagione di Radio Deejay. Nel palinsesto settimanale &#8211; non ancora completo &#8211; sono numerose le conferme, con qualche novit\u00e0. La prima arriva proprio alle 6.00 del mattino, con il ritorno in fascia di Andrea e Michele ed il loro &#8220;Deejay 6 Tu&#8221;. Tanti nomi abituali nel resto della mattinata con&hellip;\"  target=\"_blank\" data-create-time=\"1788109788\" data-edit-time=\"1788109788\"><span class=\"cmra-link-main\"><span class=\"cmra-link-title\">Il nuovo palinsesto di Radio Deejay: molte conferme, alcune novit\u00e0<\/span><\/span><span class=\"cmra-link-subtitle\"><\/span><span class=\"cmra-link-footer\"><span class=\"cmra-link-date\">30 Aug 2026<\/span><\/span><\/a><\/li><li class=\"cmra-category-link-list-entry\"><a href=\"https:\/\/www.fm-world.it\/news\/radio-company-al-lido-per-la-mostra-del-cinema-di-venezia\/\" class=\"cmra-link cmra-no-favicon\" title=\"Radio Company si prepara a raccontare da vicino uno degli appuntamenti pi\u00f9 attesi del calendario cinematografico internazionale. L&#8217;emittente sar\u00e0 infatti presente, insieme a Coming Soon, all&#8217;83\u00aa Mostra Internazionale d&#8217;Arte Cinematografica di Venezia, in programma al Lido dal 2 al 12 settembre. Per tutta la durata della manifestazione, Radio Company porter\u00e0 in onda interviste, curiosit\u00e0 e&hellip;\"  target=\"_blank\" data-create-time=\"1788106643\" data-edit-time=\"1788106643\"><span class=\"cmra-link-main\"><span class=\"cmra-link-title\">Radio Company al Lido per la Mostra del Cinema di Venezia<\/span><\/span><span class=\"cmra-link-subtitle\"><\/span><span class=\"cmra-link-footer\"><span class=\"cmra-link-date\">30 Aug 2026<\/span><\/span><\/a><\/li><li class=\"cmra-category-link-list-entry\"><a href=\"https:\/\/www.fm-world.it\/news\/radio-globo-il-morning-show-riparte-il-31-agosto-con-una-sorpresa\/\" class=\"cmra-link cmra-no-favicon\" title=\"Riparte &#8220;The Morning Show&#8221; su Radio Globo. Da luned\u00ec 31 agosto, l&#8217;appuntamento del primo mattino dell&#8217;emittente capitolina sar\u00e0 in onda &#8211; come sempre &#8211; dalle 6.00 alle 10.00. Confermati Massimo Vari, Flaminia Cappelli, Gabry Venus e Federica De La Vall\u00e9e, dopo il saluto di Giovanni Lucifora, ora impegnato su altre produzioni per la radio. Dalla&hellip;\"  target=\"_blank\" data-create-time=\"1788074609\" data-edit-time=\"1788074609\"><span class=\"cmra-link-main\"><span class=\"cmra-link-title\">Radio Globo, il morning show riparte il 31 agosto con una sorpresa<\/span><\/span><span class=\"cmra-link-subtitle\"><\/span><span class=\"cmra-link-footer\"><span class=\"cmra-link-date\">30 Aug 2026<\/span><\/span><\/a><\/li><li class=\"cmra-category-link-list-entry\"><a href=\"https:\/\/www.fm-world.it\/news\/m2o-morning-club-oggi-a-riccione-la-prima-tappa-del-tour\/\" class=\"cmra-link cmra-no-favicon\" title=\"Parte oggi, domenica 30 agosto, da Riccione il tour di \u201cVolkswagen Electro Vibes powered by m2o Morning Club\u201d, la rassegna che porta nelle piazze italiane un format nato per unire la musica elettronica al rito della colazione, spostando il concetto di party dai club notturni alle ore della giornata. Il primo appuntamento \u00e8 in programma&hellip;\"  target=\"_blank\" data-create-time=\"1788062320\" data-edit-time=\"1788062320\"><span class=\"cmra-link-main\"><span class=\"cmra-link-title\">m2o Morning Club: oggi a Riccione la prima tappa del tour<\/span><\/span><span class=\"cmra-link-subtitle\"><\/span><span class=\"cmra-link-footer\"><span class=\"cmra-link-date\">30 Aug 2026<\/span><\/span><\/a><\/li><li class=\"cmra-category-link-list-entry\"><a href=\"https:\/\/www.fm-world.it\/news\/piu-informazione-nel-primo-mattino-di-radio-monte-carlo-arriva-breaking-news\/\" class=\"cmra-link cmra-no-favicon\" title=\"Nuova fascia informativa nel primo mattino di Radio Monte Carlo. Dal 1\u00b0 settembre l&#8217;emittente propone \u201cBreaking News\u201d, nuovo appuntamento in onda dal luned\u00ec al venerd\u00ec dalle 5 alle 7, con la conduzione di Laura Ghislandi e la collaborazione della redazione di TgCom24. Il programma accompagner\u00e0 l&#8217;avvio della giornata con due ore di informazione e musica,&hellip;\"  target=\"_blank\" data-create-time=\"1788011923\" data-edit-time=\"1788011923\"><span class=\"cmra-link-main\"><span class=\"cmra-link-title\">Pi\u00f9 informazione nel primo mattino di Radio Monte Carlo: arriva \u201cBreaking News\u201d<\/span><\/span><span class=\"cmra-link-subtitle\"><\/span><span class=\"cmra-link-footer\"><span class=\"cmra-link-date\">29 Aug 2026<\/span><\/span><\/a><\/li><li class=\"cmra-category-link-list-entry\"><a href=\"https:\/\/www.fm-world.it\/news\/gazzology-diventa-un-appuntamento-pomeridiano-dal-31-agosto-il-programma-in-onda-alle-16-00\/\" class=\"cmra-link cmra-no-favicon\" title=\"Nuova stagione e soprattutto nuovo orario per Gazzology, il programma di Gianluca Gazzoli su Radio Deejay. A partire da luned\u00ec 31 agosto, la trasmissione sar\u00e0 in onda in fascia pomeridiana dalle 16 alle 17, in diretta su Radio Deejay e Deejay Tv. A dare l&#8217;annuncio \u00e8 stato lo stesso Gazzoli, che ha affidato ai social&hellip;\"  target=\"_blank\" data-create-time=\"1788011013\" data-edit-time=\"1788011013\"><span class=\"cmra-link-main\"><span class=\"cmra-link-title\">\u201cGazzology\u201d diventa un appuntamento pomeridiano: dal 31 agosto, il programma in onda alle 16.00<\/span><\/span><span class=\"cmra-link-subtitle\"><\/span><span class=\"cmra-link-footer\"><span class=\"cmra-link-date\">29 Aug 2026<\/span><\/span><\/a><\/li><li class=\"cmra-category-link-list-entry\"><a href=\"https:\/\/www.fm-world.it\/news\/gigi-ariemma-per-un-po-non-ci-sentiremo-auguro-una-nuova-splendida-stagione-a-tutti-i-miei-colleghi\/\" class=\"cmra-link cmra-no-favicon\" title=\"&#8220;Destiny&#8217;s child con Bootylicious: questa \u00e8 l&#8217;ultima canzone del programma, ma anche l&#8217;ultima canzone in assoluto che vi suono su Radio Capital. Eh lo so, prima o poi dovevo dirvelo, \u00e8 arrivato il momento perch\u00e9 si \u00e8 fatta una certa&#8221;, ha esordito cos\u00ec Gigi Ariemma, nel suo saluto conclusivo con cui ha concluso la collaborazione&hellip;\"  target=\"_blank\" data-create-time=\"1788010427\" data-edit-time=\"1788010427\"><span class=\"cmra-link-main\"><span class=\"cmra-link-title\">Gigi Ariemma: \u201cPer un po\u2019 non ci sentiremo, auguro una nuova splendida stagione a tutti i miei colleghi\u201d<\/span><\/span><span class=\"cmra-link-subtitle\"><\/span><span class=\"cmra-link-footer\"><span class=\"cmra-link-date\">29 Aug 2026<\/span><\/span><\/a><\/li><li class=\"cmra-category-link-list-entry\"><a href=\"https:\/\/www.fm-world.it\/news\/radio-kiss-kiss-protagonista-del-fuori-gp-monza-2026-quattro-giorni-di-musica-e-spettacolo-aspettando-il-gran-premio-ditalia\/\" class=\"cmra-link cmra-no-favicon\" title=\"Dal 3 al 6 settembre, Piazza Cambiaghi diventer\u00e0 uno dei punti di riferimento del FuoriGP Monza 2026, l&#8217;evento organizzato dal Comune di Monza in attesa del Formula 1 Pirelli Gran Premio d&#8217;Italia. Protagonista dell&#8217;intrattenimento sar\u00e0 Radio Kiss Kiss, che per quattro giorni porter\u00e0 nel cuore della citt\u00e0 concerti, dirette, dj set, giochi, attivit\u00e0 di engagement&hellip;\"  target=\"_blank\" data-create-time=\"1787956553\" data-edit-time=\"1787956553\"><span class=\"cmra-link-main\"><span class=\"cmra-link-title\">Radio Kiss Kiss protagonista del Fuori GP Monza 2026: quattro giorni di musica e spettacolo aspettando il Gran Premio d\u2019Italia<\/span><\/span><span class=\"cmra-link-subtitle\"><\/span><span class=\"cmra-link-footer\"><span class=\"cmra-link-date\">28 Aug 2026<\/span><\/span><\/a><\/li><\/ul><\/div><\/div><\/div><\/div>    <\/div>\r\n<\/div>\r\n[\/vc_column_text][\/vc_column][\/vc_row]<\/p>\n","protected":false},"excerpt":{"rendered":"<p>[vc_row][vc_column][vc_single_image image=&#8221;33513&#8243; img_size=&#8221;full&#8221; alignment=&#8221;center&#8221;][vc_row][vc_column][vc_column_text css_animation=&#8221;left-to-right&#8221;]L&#8217;aggiornamento \u00e8 continuo per questa rassegna di notizie da altri siti di informazione. \u00a0Notizie e informazioni dal mondo dei media italiani e stranieri.[\/vc_column_text][vc_column_text][\/vc_column_text][vc_column_text][\/vc_column_text][\/vc_column][\/vc_row]<\/p>\n","protected":false},"author":1,"featured_media":0,"parent":0,"menu_order":0,"comment_status":"closed","ping_status":"closed","template":"page-home.php","meta":{"om_disable_all_campaigns":false,"footnotes":""},"class_list":["post-1250","page","type-page","status-publish","hentry"],"_links":{"self":[{"href":"https:\/\/www.monitor-radiotv.it\/w\/wp-json\/wp\/v2\/pages\/1250","targetHints":{"allow":["GET"]}}],"collection":[{"href":"https:\/\/www.monitor-radiotv.it\/w\/wp-json\/wp\/v2\/pages"}],"about":[{"href":"https:\/\/www.monitor-radiotv.it\/w\/wp-json\/wp\/v2\/types\/page"}],"author":[{"embeddable":true,"href":"https:\/\/www.monitor-radiotv.it\/w\/wp-json\/wp\/v2\/users\/1"}],"replies":[{"embeddable":true,"href":"https:\/\/www.monitor-radiotv.it\/w\/wp-json\/wp\/v2\/comments?post=1250"}],"version-history":[{"count":11,"href":"https:\/\/www.monitor-radiotv.it\/w\/wp-json\/wp\/v2\/pages\/1250\/revisions"}],"predecessor-version":[{"id":42287,"href":"https:\/\/www.monitor-radiotv.it\/w\/wp-json\/wp\/v2\/pages\/1250\/revisions\/42287"}],"wp:attachment":[{"href":"https:\/\/www.monitor-radiotv.it\/w\/wp-json\/wp\/v2\/media?parent=1250"}],"curies":[{"name":"wp","href":"https:\/\/api.w.org\/{rel}","templated":true}]}}