{"id":24103,"date":"2019-11-14T11:56:07","date_gmt":"2019-11-14T10:56:07","guid":{"rendered":"https:\/\/www.monitor-radiotv.it\/w\/?page_id=24103"},"modified":"2021-01-21T11:00:26","modified_gmt":"2021-01-21T10:00:26","slug":"appuntamenti","status":"publish","type":"page","link":"https:\/\/www.monitor-radiotv.it\/w\/appuntamenti\/","title":{"rendered":"Appuntamenti"},"content":{"rendered":"<div id=\"fb-root\"><\/div>\n<p>[vc_row][vc_column width=&#8221;1\/2&#8243;][vc_column_text css_animation=&#8221;zoomInLeft&#8221;]<\/p>\n<h3><a href=\"https:\/\/www.monitor-radiotv.it\/w\/webinar-e-presentazioni-online\/\"><code>passa a Webinar<\/code><\/a><\/h3>\n<p>[\/vc_column_text][\/vc_column][vc_column width=&#8221;1\/2&#8243;][vc_column_text css_animation=&#8221;bounceInRight&#8221;]<\/p>\n<h3><a href=\"https:\/\/www.monitor-radiotv.it\/w\/appuntamenti-conclusi\/\" rel=\"noopener noreferrer\"><code>Storico Fiere\/Show<\/code><\/a><\/h3>\n<p>[\/vc_column_text][\/vc_column][\/vc_row][vc_row][vc_column][vc_separator border_width=&#8221;3&#8243;][vc_column_text]<div id=\"vsel\" class=\"vsel-container\"><div id=\"event-26793\" class=\"vsel-content fiere webinar vsel-upcoming vsel-current\"><div class=\"vsel-meta\"><h3 class=\"vsel-meta-title\"><a href=\"https:\/\/www.monitor-radiotv.it\/w\/event\/natpe-europe\/\" rel=\"bookmark\" title=\"NATPE Europe\">NATPE Europe<\/a><\/h3><p class=\"vsel-meta-date vsel-meta-combined-date\"><span>27 Aprile 2026<\/span> - <span>29 Aprile 2026<\/span><\/p><p class=\"vsel-meta-location\"><span>Budapest, Ungheria<\/span><\/p><p class=\"vsel-meta-link\"><a href=\"https:\/\/budapest.natpe.com\/\" target=\"_blank\">Informazioni dal sito web<\/a><\/p><\/div><div class=\"vsel-image-info\"><a href=\"https:\/\/www.monitor-radiotv.it\/w\/event\/natpe-europe\/\"><img loading=\"lazy\" decoding=\"async\" class =\"vsel-image\" src=\"https:\/\/www.monitor-radiotv.it\/w\/wp-content\/uploads\/2019\/11\/natpe-3.jpg\" width=\"680\" height=\"255\"  alt=\"natpe\" \/><\/a><div class=\"vsel-info\"><p>Il mercato di contenuti pi\u00f9 affermato dell&#8217;Europa centrale e orientale ospita oltre 375 acquirenti di alto livello ed \u00e8 il mercato di vendita e coproduzione pi\u00f9 affidabile ed efficace della regione.<\/p>\n<\/div><\/div><\/div><div id=\"event-28182\" class=\"vsel-content fiere webinar vsel-upcoming\"><div class=\"vsel-meta\"><h3 class=\"vsel-meta-title\"><a href=\"https:\/\/www.monitor-radiotv.it\/w\/event\/festival-de-cannes\/\" rel=\"bookmark\" title=\"Festival de Cannes &#8211; March\u00e9 du Film\">Festival de Cannes &#8211; March\u00e9 du Film<\/a><\/h3><p class=\"vsel-meta-date vsel-meta-combined-date\"><span>12 Maggio 2026<\/span> - <span>20 Maggio 2026<\/span><\/p><p class=\"vsel-meta-location\"><span>Cannes, Francia<\/span><\/p><p class=\"vsel-meta-link\"><a href=\"https:\/\/www.marchedufilm.com\/\" target=\"_blank\">Informazioni dal sito web<\/a><\/p><\/div><div class=\"vsel-image-info\"><a href=\"https:\/\/www.monitor-radiotv.it\/w\/event\/festival-de-cannes\/\"><img loading=\"lazy\" decoding=\"async\" class =\"vsel-image\" src=\"https:\/\/www.monitor-radiotv.it\/w\/wp-content\/uploads\/2020\/03\/festival-cannes-annullato-1024x576.jpg\" width=\"680\" height=\"383\"  alt=\"festival-cannes-annullato\" \/><\/a><div class=\"vsel-info\"><p>The very first March\u00e9 du Film took place in 1959 in a tiny canvas screening room perched on the roof of the old Palais Croisette. It was the 13th edition of the Festival de Cannes, the very first international cultural event to launch in the post-war period that soon became&#8230;<\/p>\n<\/div><\/div><\/div><div id=\"event-26749\" class=\"vsel-content fiere webinar vsel-upcoming\"><div class=\"vsel-meta\"><h3 class=\"vsel-meta-title\"><a href=\"https:\/\/www.monitor-radiotv.it\/w\/event\/bve-expo\/\" rel=\"bookmark\" title=\"Media Production and Technology Show (BVE Expo)\">Media Production and Technology Show (BVE Expo)<\/a><\/h3><p class=\"vsel-meta-date vsel-meta-combined-date\"><span>13 Maggio 2026<\/span> - <span>14 Maggio 2026<\/span><\/p><p class=\"vsel-meta-location\"><span>Olympia, London, UK<\/span><\/p><p class=\"vsel-meta-link\"><a href=\"https:\/\/www.mediaproductionshow.com\/\" target=\"_blank\">Maggiori informazioni<\/a><\/p><\/div><div class=\"vsel-image-info\"><a href=\"https:\/\/www.monitor-radiotv.it\/w\/event\/bve-expo\/\"><img loading=\"lazy\" decoding=\"async\" class =\"vsel-image\" src=\"https:\/\/www.monitor-radiotv.it\/w\/wp-content\/uploads\/2019\/11\/mpts-1.png\" width=\"680\" height=\"255\"  alt=\"mpts\" \/><\/a><div class=\"vsel-info\"><p>The Media Production and Technology Show will be back with a bang in 2026!\u00a0\u00a0Following the acquisition of BVE in 2019, MPTS is the UK\u2019s largest broadcast show that brings the creative and technical industries together. MPTS 2024 will connect experts across all aspects of content creation, including the latest technological&#8230;<\/p>\n<\/div><\/div><\/div><div id=\"event-26818\" class=\"vsel-content fiere webinar vsel-upcoming\"><div class=\"vsel-meta\"><h3 class=\"vsel-meta-title\"><a href=\"https:\/\/www.monitor-radiotv.it\/w\/event\/angacom\/\" rel=\"bookmark\" title=\"ANGACOM\">ANGACOM<\/a><\/h3><p class=\"vsel-meta-date vsel-meta-combined-date\"><span>19 Maggio 2026<\/span> - <span>21 Maggio 2026<\/span><\/p><p class=\"vsel-meta-location\"><span>Colonia, Germania<\/span><\/p><p class=\"vsel-meta-link\"><a href=\"https:\/\/angacom.de\/en\/homepage\" target=\"_blank\">Informazioni dal sito web<\/a><\/p><\/div><div class=\"vsel-image-info\"><a href=\"https:\/\/www.monitor-radiotv.it\/w\/event\/angacom\/\"><img loading=\"lazy\" decoding=\"async\" class =\"vsel-image\" src=\"https:\/\/www.monitor-radiotv.it\/w\/wp-content\/uploads\/2019\/11\/angacom.jpg\" width=\"680\" height=\"282\"  alt=\"angacom\" \/><\/a><div class=\"vsel-info\"><p>ANGA COM is Europe\u2019s leading business platform for\u00a0Broadband, Television and Online. It brings together network operators, vendors and content providers on all issues of broadband and media distribution. The next show date is 19 to 21 May 2025 in Cologne\/Germany. ANGA COM \u00e8 l&#8217;incontro leader in Europa per banda larga,&#8230;<\/p>\n<\/div><\/div><\/div><div id=\"event-25921\" class=\"vsel-content fiere webinar vsel-upcoming\"><div class=\"vsel-meta\"><h3 class=\"vsel-meta-title\"><a href=\"https:\/\/www.monitor-radiotv.it\/w\/event\/broadcast-asia\/\" rel=\"bookmark\" title=\"Broadcast Asia\">Broadcast Asia<\/a><\/h3><p class=\"vsel-meta-date vsel-meta-combined-date\"><span>20 Maggio 2026<\/span> - <span>22 Maggio 2026<\/span><\/p><p class=\"vsel-meta-location\"><span>Singapore<\/span><\/p><p class=\"vsel-meta-link\"><a href=\"https:\/\/asiatechxsg.com\/broadcastasia\/\" target=\"_blank\">Informazioni dal sito web<\/a><\/p><\/div><div class=\"vsel-image-info\"><a href=\"https:\/\/www.monitor-radiotv.it\/w\/event\/broadcast-asia\/\"><img loading=\"lazy\" decoding=\"async\" class =\"vsel-image\" src=\"https:\/\/www.monitor-radiotv.it\/w\/wp-content\/uploads\/2019\/11\/BROADCAST-ASIA-2020.jpg\" width=\"680\" height=\"196\"  alt=\"BROADCAST-ASIA-2020\" \/><\/a><div class=\"vsel-info\"><p>BroadcastAsia is part of\u00a0Asia Tech x Singapore\u00a0&#8211; the region&#8217;s flagship tech festival\u00a0 Broadcast Asia &nbsp; TORNA A HOMEPAGE DI TUTTI I WEBINAR<\/p>\n<\/div><\/div><\/div><div id=\"event-46580\" class=\"vsel-content fiere forum-europeo-tv webinar vsel-upcoming\"><div class=\"vsel-meta\"><h3 class=\"vsel-meta-title\"><a href=\"https:\/\/www.monitor-radiotv.it\/w\/event\/forum-europeo-tv-2025\/\" rel=\"bookmark\" title=\"Forum Europeo Tv 2026\">Forum Europeo Tv 2026<\/a><\/h3><p class=\"vsel-meta-date vsel-meta-combined-date\"><span>28 Maggio 2026<\/span> - <span>29 Maggio 2026<\/span><\/p><p class=\"vsel-meta-location\"><span>Real Collegio, Lucca<\/span><\/p><p class=\"vsel-meta-link\"><a href=\"https:\/\/www.forumeuropeo.tv\" target=\"_blank\">Iscriviti all&#039;evento<\/a><\/p><\/div><div class=\"vsel-image-info\"><a href=\"https:\/\/www.monitor-radiotv.it\/w\/event\/forum-europeo-tv-2025\/\"><img loading=\"lazy\" decoding=\"async\" class =\"vsel-image\" src=\"https:\/\/www.monitor-radiotv.it\/w\/wp-content\/uploads\/2024\/10\/fed.jpg\" width=\"680\" height=\"255\"  alt=\"fed\" \/><\/a><div class=\"vsel-info\"><p>L\u2019edizione numero 23 del Forum Europeo Digitale 2026 si terr\u00e0\u00a0come di consueto al Real Collegio di Lucca. &nbsp; Forum Europeo Tv &nbsp; TORNA A HOMEPAGE DI TUTTI I WEBINAR<\/p>\n<\/div><\/div><\/div><div id=\"event-31399\" class=\"vsel-content fiere webinar vsel-upcoming\"><div class=\"vsel-meta\"><h3 class=\"vsel-meta-title\"><a href=\"https:\/\/www.monitor-radiotv.it\/w\/event\/cabsat-2021\/\" rel=\"bookmark\" title=\"Cabsat 2026\">Cabsat 2026<\/a><\/h3><p class=\"vsel-meta-date vsel-meta-combined-date\"><span>2 Giugno 2026<\/span> - <span>4 Giugno 2026<\/span><\/p><p class=\"vsel-meta-location\"><span>Dubai World Trade Centre<\/span><\/p><p class=\"vsel-meta-link\"><a href=\"http:\/\/www.cabsat.com\" target=\"_blank\">Informazioni dal sito web<\/a><\/p><\/div><div class=\"vsel-image-info\"><a href=\"https:\/\/www.monitor-radiotv.it\/w\/event\/cabsat-2021\/\"><img loading=\"lazy\" decoding=\"async\" class =\"vsel-image\" src=\"https:\/\/www.monitor-radiotv.it\/w\/wp-content\/uploads\/2020\/10\/dubai1.jpg\" width=\"680\" height=\"213\"  alt=\"dubai1\" \/><\/a><div class=\"vsel-info\"><p>Lo show leader della regione MEASA per l&#8217;innovazione e le esperienze coinvolgenti per i contenuti, le trasmissioni, i satelliti e il pro AV. CABSAT \u00e8 il luogo in cui puoi potenziare la tua attivit\u00e0, trovare le soluzioni pi\u00f9 innovative dai leader globali nella tecnologia dei media, delle trasmissioni e dei&#8230;<\/p>\n<\/div><\/div><\/div><div id=\"event-26802\" class=\"vsel-content fiere webinar vsel-upcoming\"><div class=\"vsel-meta\"><h3 class=\"vsel-meta-title\"><a href=\"https:\/\/www.monitor-radiotv.it\/w\/event\/cinegear-expo\/\" rel=\"bookmark\" title=\"Cinegear Expo LA\">Cinegear Expo LA<\/a><\/h3><p class=\"vsel-meta-date vsel-meta-combined-date\"><span>5 Giugno 2026<\/span> - <span>6 Giugno 2026<\/span><\/p><p class=\"vsel-meta-location\"><span>Universal Studio Lot, Hollywood, CA, USA<\/span><\/p><p class=\"vsel-meta-link\"><a href=\"http:\/\/www.cinegearexpo.com\/\" target=\"_blank\">Informazioni dal sito web<\/a><\/p><\/div><div class=\"vsel-image-info\"><a href=\"https:\/\/www.monitor-radiotv.it\/w\/event\/cinegear-expo\/\"><img loading=\"lazy\" decoding=\"async\" class =\"vsel-image\" src=\"https:\/\/www.monitor-radiotv.it\/w\/wp-content\/uploads\/2019\/11\/cinegear.jpg\" width=\"680\" height=\"255\"  alt=\"cinegear\" \/><\/a><div class=\"vsel-info\"><p>Cine Gear Expo LA \u00e8 un luogo in cui creativi, tecnici e professionisti del settore possono incontrarsi, scambiarsi idee, stringere nuovi rapporti e dare vita a collaborazioni durature. Che tu sia un aspirante regista, un veterano affermato del settore o un appassionato di tecnologia, questo \u00e8 un evento che celebra&#8230;<\/p>\n<\/div><\/div><\/div><div id=\"event-26846\" class=\"vsel-content fiere webinar vsel-upcoming\"><div class=\"vsel-meta\"><h3 class=\"vsel-meta-title\"><a href=\"https:\/\/www.monitor-radiotv.it\/w\/event\/infocomm\/\" rel=\"bookmark\" title=\"Infocomm\">Infocomm<\/a><\/h3><p class=\"vsel-meta-date vsel-meta-combined-date\"><span>13 Giugno 2026<\/span> - <span>19 Giugno 2026<\/span><\/p><p class=\"vsel-meta-location\"><span>Las Vegas Convention Center Las Vegas, Nevada<\/span><\/p><p class=\"vsel-meta-link\"><a href=\"https:\/\/www.infocommshow.org\/\" target=\"_blank\">Informazioni dal sito web<\/a><\/p><\/div><div class=\"vsel-image-info\"><a href=\"https:\/\/www.monitor-radiotv.it\/w\/event\/infocomm\/\"><img loading=\"lazy\" decoding=\"async\" class =\"vsel-image\" src=\"https:\/\/www.monitor-radiotv.it\/w\/wp-content\/uploads\/2019\/11\/Infocom-1.jpg\" width=\"680\" height=\"262\"  alt=\"Infocom\" \/><\/a><div class=\"vsel-info\"><p>InfoComm is the most comprehensive event for\u00a0audiovisual solutions that enable integrated experiences, with products for\u00a0audio, conferencing and collaboration, digital signage, content, production and streaming, video capture and production, control,\u00a0and live events. TORNA A HOMEPAGE DI TUTTI GLI EVENTI<\/p>\n<\/div><\/div><\/div><div id=\"event-26787\" class=\"vsel-content fiere vsel-upcoming\"><div class=\"vsel-meta\"><h3 class=\"vsel-meta-title\"><a href=\"https:\/\/www.monitor-radiotv.it\/w\/event\/banff-world-media-festival\/\" rel=\"bookmark\" title=\"Banff World Media Festival\">Banff World Media Festival<\/a><\/h3><p class=\"vsel-meta-date vsel-meta-combined-date\"><span>14 Giugno 2026<\/span> - <span>17 Giugno 2026<\/span><\/p><p class=\"vsel-meta-location\"><span>Banff, Alberta, Canada<\/span><\/p><p class=\"vsel-meta-link\"><a href=\"https:\/\/banffmediafestival.playbackonline.ca\/2026\/\" target=\"_blank\">Informazioni dal sito web<\/a><\/p><\/div><div class=\"vsel-image-info\"><a href=\"https:\/\/www.monitor-radiotv.it\/w\/event\/banff-world-media-festival\/\"><img loading=\"lazy\" decoding=\"async\" class =\"vsel-image\" src=\"https:\/\/www.monitor-radiotv.it\/w\/wp-content\/uploads\/2019\/11\/banff3-1.jpg\" width=\"680\" height=\"222\"  alt=\"banff3\" \/><\/a><div class=\"vsel-info\"><p>Con una tradizione di 46 anni e ambientato in uno dei luoghi pi\u00f9 stimolanti del pianeta, il BANFF \u00e8 il luogo in cui si creano partnership e vengono presentati, sviluppati e approvati nuovi film e serie, con contenuti sceneggiati, non sceneggiati e per bambini. Con oltre 60 paesi che partecipano&#8230;<\/p>\n<\/div><\/div><\/div><div class=\"vsel-nav\"><a href=\"https:\/\/www.monitor-radiotv.it\/w\/wp-json\/wp\/v2\/pages\/24103\/page\/2\/\" class=\"next\">Prossimo &raquo;<\/a><\/div><\/div>[\/vc_column_text][\/vc_column][\/vc_row]<\/p>\n","protected":false},"excerpt":{"rendered":"<p>[vc_row][vc_column width=&#8221;1\/2&#8243;][vc_column_text css_animation=&#8221;zoomInLeft&#8221;] passa a Webinar [\/vc_column_text][\/vc_column][vc_column width=&#8221;1\/2&#8243;][vc_column_text css_animation=&#8221;bounceInRight&#8221;] Storico Fiere\/Show [\/vc_column_text][\/vc_column][\/vc_row][vc_row][vc_column][vc_separator border_width=&#8221;3&#8243;][vc_column_text][\/vc_column_text][\/vc_column][\/vc_row]<\/p>\n","protected":false},"author":1,"featured_media":25893,"parent":0,"menu_order":0,"comment_status":"closed","ping_status":"closed","template":"page-sidebar.php","meta":{"om_disable_all_campaigns":false,"footnotes":""},"class_list":["post-24103","page","type-page","status-publish","has-post-thumbnail","hentry"],"_links":{"self":[{"href":"https:\/\/www.monitor-radiotv.it\/w\/wp-json\/wp\/v2\/pages\/24103","targetHints":{"allow":["GET"]}}],"collection":[{"href":"https:\/\/www.monitor-radiotv.it\/w\/wp-json\/wp\/v2\/pages"}],"about":[{"href":"https:\/\/www.monitor-radiotv.it\/w\/wp-json\/wp\/v2\/types\/page"}],"author":[{"embeddable":true,"href":"https:\/\/www.monitor-radiotv.it\/w\/wp-json\/wp\/v2\/users\/1"}],"replies":[{"embeddable":true,"href":"https:\/\/www.monitor-radiotv.it\/w\/wp-json\/wp\/v2\/comments?post=24103"}],"version-history":[{"count":18,"href":"https:\/\/www.monitor-radiotv.it\/w\/wp-json\/wp\/v2\/pages\/24103\/revisions"}],"predecessor-version":[{"id":28342,"href":"https:\/\/www.monitor-radiotv.it\/w\/wp-json\/wp\/v2\/pages\/24103\/revisions\/28342"}],"wp:featuredmedia":[{"embeddable":true,"href":"https:\/\/www.monitor-radiotv.it\/w\/wp-json\/wp\/v2\/media\/25893"}],"wp:attachment":[{"href":"https:\/\/www.monitor-radiotv.it\/w\/wp-json\/wp\/v2\/media?parent=24103"}],"curies":[{"name":"wp","href":"https:\/\/api.w.org\/{rel}","templated":true}]}}